{"id":9776,"date":"2025-05-20T12:10:57","date_gmt":"2025-05-20T10:10:57","guid":{"rendered":"https:\/\/ateliersdeseauxbleues.com\/catalogue\/unkategorisiert\/faltbarer-blindenstock-mit-daempfung-und-abgeflachtem-griff\/"},"modified":"2025-05-20T12:10:57","modified_gmt":"2025-05-20T10:10:57","slug":"faltbarer-blindenstock-mit-daempfung-und-abgeflachtem-griff","status":"publish","type":"product","link":"https:\/\/ateliersdeseauxbleues.com\/de\/catalogue\/blindenstocke-fur-blinde-und-sehbehinderte\/faltbarer-blindenstock-mit-daempfung-und-abgeflachtem-griff\/","title":{"rendered":"Faltbarer Blindenstock mit D\u00e4mpfung und abgeflachtem Griff"},"content":{"rendered":"","protected":false},"excerpt":{"rendered":"<p>Unser brandneuer Stock mit <strong>D\u00e4mpfungsgriff<\/strong> zieht sich bei einem Sto\u00df zur\u00fcck und absorbiert einen Teil davon f\u00fcr mehr Komfort!<\/p>\n<p>Basierend auf einem franz\u00f6sischen Stock bietet er alle Vorteile eines faltbaren Stocks: leicht, <strong>reparierbar<\/strong> und mit unserer gesamten Palette an <strong>austauschbaren Spitzen<\/strong>, die Ihnen zur Verf\u00fcgung steht!<\/p>\n<p>Bei der abgeflachten Version finden Sie den klassischen schwarzen abgeflachten Griff.<\/p>\n","protected":false},"featured_media":2541,"comment_status":"open","ping_status":"closed","template":"","meta":[],"product_brand":[],"product_cat":[234,238],"product_tag":[],"class_list":{"0":"post-9776","1":"product","2":"type-product","3":"status-publish","4":"has-post-thumbnail","6":"product_cat-blindenstocke-fur-blinde-und-sehbehinderte","7":"product_cat-franzosische-blindenstocke","8":"pa_couleurdelacanne-gelb","9":"pa_couleurdelacanne-weis","10":"pa_couleurdelapoignee-schwarz-mit-abgeflachter-seite","12":"first","13":"instock","14":"taxable","15":"shipping-taxable","16":"purchasable","17":"product-type-variable","18":"wvs-archive-product-wrapper"},"yoast_head":"<!-- This site is optimized with the Yoast SEO plugin v27.2 - https:\/\/yoast.com\/product\/yoast-seo-wordpress\/ -->\n<title>Faltbarer Blindenstock mit D\u00e4mpfung und abgeflachtem Griff - Ateliers des Eaux Bleues<\/title>\n<meta name=\"robots\" content=\"index, follow, max-snippet:-1, max-image-preview:large, max-video-preview:-1\" \/>\n<link rel=\"canonical\" href=\"https:\/\/ateliersdeseauxbleues.com\/de\/catalogue\/blindenstocke-fur-blinde-und-sehbehinderte\/faltbarer-blindenstock-mit-daempfung-und-abgeflachtem-griff\/\" \/>\n<meta property=\"og:locale\" content=\"de_DE\" \/>\n<meta property=\"og:type\" content=\"article\" \/>\n<meta property=\"og:title\" content=\"Faltbarer Blindenstock mit D\u00e4mpfung und abgeflachtem Griff - Ateliers des Eaux Bleues\" \/>\n<meta property=\"og:description\" content=\"Unser brandneuer Stock mit D\u00e4mpfungsgriff zieht sich bei einem Sto\u00df zur\u00fcck und absorbiert einen Teil davon f\u00fcr mehr Komfort! Basierend auf einem franz\u00f6sischen Stock bietet er alle Vorteile eines faltbaren Stocks: leicht, reparierbar und mit unserer gesamten Palette an austauschbaren Spitzen, die Ihnen zur Verf\u00fcgung steht! Bei der abgeflachten Version finden Sie den klassischen schwarzen abgeflachten Griff.\" \/>\n<meta property=\"og:url\" content=\"https:\/\/ateliersdeseauxbleues.com\/de\/catalogue\/blindenstocke-fur-blinde-und-sehbehinderte\/faltbarer-blindenstock-mit-daempfung-und-abgeflachtem-griff\/\" \/>\n<meta property=\"og:site_name\" content=\"Ateliers des Eaux Bleues\" \/>\n<meta property=\"og:image\" content=\"https:\/\/ateliersdeseauxbleues.com\/wp-content\/uploads\/2025\/03\/Canne-10N-2-scaled.jpg\" \/>\n\t<meta property=\"og:image:width\" content=\"2560\" \/>\n\t<meta property=\"og:image:height\" content=\"2560\" \/>\n\t<meta property=\"og:image:type\" content=\"image\/jpeg\" \/>\n<meta name=\"twitter:card\" content=\"summary_large_image\" \/>\n<script type=\"application\/ld+json\" class=\"yoast-schema-graph\">{\"@context\":\"https:\/\/schema.org\",\"@graph\":[{\"@type\":\"WebPage\",\"@id\":\"https:\/\/ateliersdeseauxbleues.com\/de\/catalogue\/blindenstocke-fur-blinde-und-sehbehinderte\/faltbarer-blindenstock-mit-daempfung-und-abgeflachtem-griff\/\",\"url\":\"https:\/\/ateliersdeseauxbleues.com\/de\/catalogue\/blindenstocke-fur-blinde-und-sehbehinderte\/faltbarer-blindenstock-mit-daempfung-und-abgeflachtem-griff\/\",\"name\":\"Faltbarer Blindenstock mit D\u00e4mpfung und abgeflachtem Griff - Ateliers des Eaux Bleues\",\"isPartOf\":{\"@id\":\"https:\/\/ateliersdeseauxbleues.com\/de\/#website\"},\"primaryImageOfPage\":{\"@id\":\"https:\/\/ateliersdeseauxbleues.com\/de\/catalogue\/blindenstocke-fur-blinde-und-sehbehinderte\/faltbarer-blindenstock-mit-daempfung-und-abgeflachtem-griff\/#primaryimage\"},\"image\":{\"@id\":\"https:\/\/ateliersdeseauxbleues.com\/de\/catalogue\/blindenstocke-fur-blinde-und-sehbehinderte\/faltbarer-blindenstock-mit-daempfung-und-abgeflachtem-griff\/#primaryimage\"},\"thumbnailUrl\":\"https:\/\/ateliersdeseauxbleues.com\/wp-content\/uploads\/2025\/03\/Canne-10N-2-scaled.jpg\",\"datePublished\":\"2025-05-20T10:10:57+00:00\",\"breadcrumb\":{\"@id\":\"https:\/\/ateliersdeseauxbleues.com\/de\/catalogue\/blindenstocke-fur-blinde-und-sehbehinderte\/faltbarer-blindenstock-mit-daempfung-und-abgeflachtem-griff\/#breadcrumb\"},\"inLanguage\":\"de\",\"potentialAction\":[{\"@type\":\"ReadAction\",\"target\":[\"https:\/\/ateliersdeseauxbleues.com\/de\/catalogue\/blindenstocke-fur-blinde-und-sehbehinderte\/faltbarer-blindenstock-mit-daempfung-und-abgeflachtem-griff\/\"]}]},{\"@type\":\"ImageObject\",\"inLanguage\":\"de\",\"@id\":\"https:\/\/ateliersdeseauxbleues.com\/de\/catalogue\/blindenstocke-fur-blinde-und-sehbehinderte\/faltbarer-blindenstock-mit-daempfung-und-abgeflachtem-griff\/#primaryimage\",\"url\":\"https:\/\/ateliersdeseauxbleues.com\/wp-content\/uploads\/2025\/03\/Canne-10N-2-scaled.jpg\",\"contentUrl\":\"https:\/\/ateliersdeseauxbleues.com\/wp-content\/uploads\/2025\/03\/Canne-10N-2-scaled.jpg\",\"width\":2560,\"height\":2560},{\"@type\":\"BreadcrumbList\",\"@id\":\"https:\/\/ateliersdeseauxbleues.com\/de\/catalogue\/blindenstocke-fur-blinde-und-sehbehinderte\/faltbarer-blindenstock-mit-daempfung-und-abgeflachtem-griff\/#breadcrumb\",\"itemListElement\":[{\"@type\":\"ListItem\",\"position\":1,\"name\":\"Startseite\",\"item\":\"https:\/\/ateliersdeseauxbleues.com\/de\/ateliers-de-eaux-bleues-herstellung-von-blindenstoecken\/\"},{\"@type\":\"ListItem\",\"position\":2,\"name\":\"Sortiment\",\"item\":\"https:\/\/ateliersdeseauxbleues.com\/de\/sortiment\/\"},{\"@type\":\"ListItem\",\"position\":3,\"name\":\"Faltbarer Blindenstock mit D\u00e4mpfung und abgeflachtem Griff\"}]},{\"@type\":\"WebSite\",\"@id\":\"https:\/\/ateliersdeseauxbleues.com\/de\/#website\",\"url\":\"https:\/\/ateliersdeseauxbleues.com\/de\/\",\"name\":\"Ateliers des Eaux Bleues\",\"description\":\"Ateliers des Eaux Bleues\",\"publisher\":{\"@id\":\"https:\/\/ateliersdeseauxbleues.com\/de\/#organization\"},\"potentialAction\":[{\"@type\":\"SearchAction\",\"target\":{\"@type\":\"EntryPoint\",\"urlTemplate\":\"https:\/\/ateliersdeseauxbleues.com\/de\/?s={search_term_string}\"},\"query-input\":{\"@type\":\"PropertyValueSpecification\",\"valueRequired\":true,\"valueName\":\"search_term_string\"}}],\"inLanguage\":\"de\"},{\"@type\":\"Organization\",\"@id\":\"https:\/\/ateliersdeseauxbleues.com\/de\/#organization\",\"name\":\"Ateliers des Eaux Bleues\",\"url\":\"https:\/\/ateliersdeseauxbleues.com\/de\/\",\"logo\":{\"@type\":\"ImageObject\",\"inLanguage\":\"de\",\"@id\":\"https:\/\/ateliersdeseauxbleues.com\/de\/#\/schema\/logo\/image\/\",\"url\":\"https:\/\/ateliersdeseauxbleues.com\/wp-content\/uploads\/2024\/12\/Logo-atelier-des-eaux-bleues.png\",\"contentUrl\":\"https:\/\/ateliersdeseauxbleues.com\/wp-content\/uploads\/2024\/12\/Logo-atelier-des-eaux-bleues.png\",\"width\":940,\"height\":418,\"caption\":\"Ateliers des Eaux Bleues\"},\"image\":{\"@id\":\"https:\/\/ateliersdeseauxbleues.com\/de\/#\/schema\/logo\/image\/\"}}]}<\/script>\n<!-- \/ Yoast SEO plugin. -->","yoast_head_json":{"title":"Faltbarer Blindenstock mit D\u00e4mpfung und abgeflachtem Griff - Ateliers des Eaux Bleues","robots":{"index":"index","follow":"follow","max-snippet":"max-snippet:-1","max-image-preview":"max-image-preview:large","max-video-preview":"max-video-preview:-1"},"canonical":"https:\/\/ateliersdeseauxbleues.com\/de\/catalogue\/blindenstocke-fur-blinde-und-sehbehinderte\/faltbarer-blindenstock-mit-daempfung-und-abgeflachtem-griff\/","og_locale":"de_DE","og_type":"article","og_title":"Faltbarer Blindenstock mit D\u00e4mpfung und abgeflachtem Griff - Ateliers des Eaux Bleues","og_description":"Unser brandneuer Stock mit D\u00e4mpfungsgriff zieht sich bei einem Sto\u00df zur\u00fcck und absorbiert einen Teil davon f\u00fcr mehr Komfort! Basierend auf einem franz\u00f6sischen Stock bietet er alle Vorteile eines faltbaren Stocks: leicht, reparierbar und mit unserer gesamten Palette an austauschbaren Spitzen, die Ihnen zur Verf\u00fcgung steht! Bei der abgeflachten Version finden Sie den klassischen schwarzen abgeflachten Griff.","og_url":"https:\/\/ateliersdeseauxbleues.com\/de\/catalogue\/blindenstocke-fur-blinde-und-sehbehinderte\/faltbarer-blindenstock-mit-daempfung-und-abgeflachtem-griff\/","og_site_name":"Ateliers des Eaux Bleues","og_image":[{"width":2560,"height":2560,"url":"https:\/\/ateliersdeseauxbleues.com\/wp-content\/uploads\/2025\/03\/Canne-10N-2-scaled.jpg","type":"image\/jpeg"}],"twitter_card":"summary_large_image","schema":{"@context":"https:\/\/schema.org","@graph":[{"@type":"WebPage","@id":"https:\/\/ateliersdeseauxbleues.com\/de\/catalogue\/blindenstocke-fur-blinde-und-sehbehinderte\/faltbarer-blindenstock-mit-daempfung-und-abgeflachtem-griff\/","url":"https:\/\/ateliersdeseauxbleues.com\/de\/catalogue\/blindenstocke-fur-blinde-und-sehbehinderte\/faltbarer-blindenstock-mit-daempfung-und-abgeflachtem-griff\/","name":"Faltbarer Blindenstock mit D\u00e4mpfung und abgeflachtem Griff - Ateliers des Eaux Bleues","isPartOf":{"@id":"https:\/\/ateliersdeseauxbleues.com\/de\/#website"},"primaryImageOfPage":{"@id":"https:\/\/ateliersdeseauxbleues.com\/de\/catalogue\/blindenstocke-fur-blinde-und-sehbehinderte\/faltbarer-blindenstock-mit-daempfung-und-abgeflachtem-griff\/#primaryimage"},"image":{"@id":"https:\/\/ateliersdeseauxbleues.com\/de\/catalogue\/blindenstocke-fur-blinde-und-sehbehinderte\/faltbarer-blindenstock-mit-daempfung-und-abgeflachtem-griff\/#primaryimage"},"thumbnailUrl":"https:\/\/ateliersdeseauxbleues.com\/wp-content\/uploads\/2025\/03\/Canne-10N-2-scaled.jpg","datePublished":"2025-05-20T10:10:57+00:00","breadcrumb":{"@id":"https:\/\/ateliersdeseauxbleues.com\/de\/catalogue\/blindenstocke-fur-blinde-und-sehbehinderte\/faltbarer-blindenstock-mit-daempfung-und-abgeflachtem-griff\/#breadcrumb"},"inLanguage":"de","potentialAction":[{"@type":"ReadAction","target":["https:\/\/ateliersdeseauxbleues.com\/de\/catalogue\/blindenstocke-fur-blinde-und-sehbehinderte\/faltbarer-blindenstock-mit-daempfung-und-abgeflachtem-griff\/"]}]},{"@type":"ImageObject","inLanguage":"de","@id":"https:\/\/ateliersdeseauxbleues.com\/de\/catalogue\/blindenstocke-fur-blinde-und-sehbehinderte\/faltbarer-blindenstock-mit-daempfung-und-abgeflachtem-griff\/#primaryimage","url":"https:\/\/ateliersdeseauxbleues.com\/wp-content\/uploads\/2025\/03\/Canne-10N-2-scaled.jpg","contentUrl":"https:\/\/ateliersdeseauxbleues.com\/wp-content\/uploads\/2025\/03\/Canne-10N-2-scaled.jpg","width":2560,"height":2560},{"@type":"BreadcrumbList","@id":"https:\/\/ateliersdeseauxbleues.com\/de\/catalogue\/blindenstocke-fur-blinde-und-sehbehinderte\/faltbarer-blindenstock-mit-daempfung-und-abgeflachtem-griff\/#breadcrumb","itemListElement":[{"@type":"ListItem","position":1,"name":"Startseite","item":"https:\/\/ateliersdeseauxbleues.com\/de\/ateliers-de-eaux-bleues-herstellung-von-blindenstoecken\/"},{"@type":"ListItem","position":2,"name":"Sortiment","item":"https:\/\/ateliersdeseauxbleues.com\/de\/sortiment\/"},{"@type":"ListItem","position":3,"name":"Faltbarer Blindenstock mit D\u00e4mpfung und abgeflachtem Griff"}]},{"@type":"WebSite","@id":"https:\/\/ateliersdeseauxbleues.com\/de\/#website","url":"https:\/\/ateliersdeseauxbleues.com\/de\/","name":"Ateliers des Eaux Bleues","description":"Ateliers des Eaux Bleues","publisher":{"@id":"https:\/\/ateliersdeseauxbleues.com\/de\/#organization"},"potentialAction":[{"@type":"SearchAction","target":{"@type":"EntryPoint","urlTemplate":"https:\/\/ateliersdeseauxbleues.com\/de\/?s={search_term_string}"},"query-input":{"@type":"PropertyValueSpecification","valueRequired":true,"valueName":"search_term_string"}}],"inLanguage":"de"},{"@type":"Organization","@id":"https:\/\/ateliersdeseauxbleues.com\/de\/#organization","name":"Ateliers des Eaux Bleues","url":"https:\/\/ateliersdeseauxbleues.com\/de\/","logo":{"@type":"ImageObject","inLanguage":"de","@id":"https:\/\/ateliersdeseauxbleues.com\/de\/#\/schema\/logo\/image\/","url":"https:\/\/ateliersdeseauxbleues.com\/wp-content\/uploads\/2024\/12\/Logo-atelier-des-eaux-bleues.png","contentUrl":"https:\/\/ateliersdeseauxbleues.com\/wp-content\/uploads\/2024\/12\/Logo-atelier-des-eaux-bleues.png","width":940,"height":418,"caption":"Ateliers des Eaux Bleues"},"image":{"@id":"https:\/\/ateliersdeseauxbleues.com\/de\/#\/schema\/logo\/image\/"}}]}},"_links":{"self":[{"href":"https:\/\/ateliersdeseauxbleues.com\/de\/wp-json\/wp\/v2\/product\/9776","targetHints":{"allow":["GET"]}}],"collection":[{"href":"https:\/\/ateliersdeseauxbleues.com\/de\/wp-json\/wp\/v2\/product"}],"about":[{"href":"https:\/\/ateliersdeseauxbleues.com\/de\/wp-json\/wp\/v2\/types\/product"}],"replies":[{"embeddable":true,"href":"https:\/\/ateliersdeseauxbleues.com\/de\/wp-json\/wp\/v2\/comments?post=9776"}],"wp:featuredmedia":[{"embeddable":true,"href":"https:\/\/ateliersdeseauxbleues.com\/de\/wp-json\/wp\/v2\/media\/2541"}],"wp:attachment":[{"href":"https:\/\/ateliersdeseauxbleues.com\/de\/wp-json\/wp\/v2\/media?parent=9776"}],"wp:term":[{"taxonomy":"product_brand","embeddable":true,"href":"https:\/\/ateliersdeseauxbleues.com\/de\/wp-json\/wp\/v2\/product_brand?post=9776"},{"taxonomy":"product_cat","embeddable":true,"href":"https:\/\/ateliersdeseauxbleues.com\/de\/wp-json\/wp\/v2\/product_cat?post=9776"},{"taxonomy":"product_tag","embeddable":true,"href":"https:\/\/ateliersdeseauxbleues.com\/de\/wp-json\/wp\/v2\/product_tag?post=9776"}],"curies":[{"name":"wp","href":"https:\/\/api.w.org\/{rel}","templated":true}]}}