{"id":9645,"date":"2019-10-08T10:07:13","date_gmt":"2019-10-08T08:07:13","guid":{"rendered":"https:\/\/ateliersdeseauxbleues.com\/catalogue\/unkategorisiert\/faltbarer-hoehenverstellbarer-weisser-stuetzstock\/"},"modified":"2019-10-08T10:07:13","modified_gmt":"2019-10-08T08:07:13","slug":"faltbarer-hoehenverstellbarer-weisser-stuetzstock","status":"publish","type":"product","link":"https:\/\/ateliersdeseauxbleues.com\/de\/catalogue\/blindenstocke-fur-blinde-und-sehbehinderte\/faltbarer-hoehenverstellbarer-weisser-stuetzstock\/","title":{"rendered":"Faltbarer, h\u00f6henverstellbarer wei\u00dfer St\u00fctzstock"},"content":{"rendered":"","protected":false},"excerpt":{"rendered":"<p class=\"Puces\"><!-- [if !supportLists]--><span style=\"font-family: Wingdings; color: #aadc49;\">\u00dc<\/span><span style=\"color: #aadc49; font-family: 'Times New Roman'; font-size: 9.33333px;\">  <\/span>H\u00f6henverstellbar von 80 bis 95 cm<\/p>\n<p class=\"Puces\"><!-- [if !supportLists]--><span style=\"font-family: Wingdings; color: #aadc49;\">\u00dc<span style=\"font: 7pt 'Times New Roman';\">  <\/span><\/span><!--[endif]-->T-Griff, schwarzes PVC<\/p>\n<p class=\"Puces\"><!-- [if !supportLists]--><span style=\"font-family: Wingdings; color: #aadc49;\">\u00dc<span style=\"font: 7pt 'Times New Roman';\">  <\/span><\/span><!--[endif]-->Rutschfeste Spitze<\/p>\n<p class=\"Puces\"><!-- [if !supportLists]--><span style=\"font-family: Wingdings; color: #aadc49;\">\u00dc<span style=\"font: 7pt 'Times New Roman';\">  <\/span><\/span><!--[endif]-->Handschlaufe inklusive<\/p>\n<p class=\"Puces\"><!-- [if !supportLists]--><span style=\"font-family: Wingdings; color: #aadc49;\">\u00dc<span style=\"font: 7pt 'Times New Roman';\">  <\/span><\/span><!--[endif]-->Aufbewahrungstasche inklusive<\/p>\n","protected":false},"featured_media":2587,"comment_status":"open","ping_status":"closed","template":"","meta":[],"product_brand":[],"product_cat":[234,235,255],"product_tag":[],"class_list":{"0":"post-9645","1":"product","2":"type-product","3":"status-publish","4":"has-post-thumbnail","6":"product_cat-blindenstocke-fur-blinde-und-sehbehinderte","7":"product_cat-spezielle-blindenstocke","8":"product_cat-stutzstock","9":"pa_couleurdelacanne-gelb","10":"pa_couleurdelacanne-weis","12":"first","13":"outofstock","14":"taxable","15":"shipping-taxable","16":"purchasable","17":"product-type-variable","18":"has-default-attributes","19":"wvs-archive-product-wrapper"},"yoast_head":"<!-- This site is optimized with the Yoast SEO plugin v27.2 - https:\/\/yoast.com\/product\/yoast-seo-wordpress\/ -->\n<title>Faltbarer, h\u00f6henverstellbarer wei\u00dfer St\u00fctzstock - Ateliers des Eaux Bleues<\/title>\n<meta name=\"robots\" content=\"index, follow, max-snippet:-1, max-image-preview:large, max-video-preview:-1\" \/>\n<link rel=\"canonical\" href=\"https:\/\/ateliersdeseauxbleues.com\/de\/catalogue\/blindenstocke-fur-blinde-und-sehbehinderte\/faltbarer-hoehenverstellbarer-weisser-stuetzstock\/\" \/>\n<meta property=\"og:locale\" content=\"de_DE\" \/>\n<meta property=\"og:type\" content=\"article\" \/>\n<meta property=\"og:title\" content=\"Faltbarer, h\u00f6henverstellbarer wei\u00dfer St\u00fctzstock - Ateliers des Eaux Bleues\" \/>\n<meta property=\"og:description\" content=\"\u00dc H\u00f6henverstellbar von 80 bis 95 cm \u00dc T-Griff, schwarzes PVC \u00dc Rutschfeste Spitze \u00dc Handschlaufe inklusive \u00dc Aufbewahrungstasche inklusive\" \/>\n<meta property=\"og:url\" content=\"https:\/\/ateliersdeseauxbleues.com\/de\/catalogue\/blindenstocke-fur-blinde-und-sehbehinderte\/faltbarer-hoehenverstellbarer-weisser-stuetzstock\/\" \/>\n<meta property=\"og:site_name\" content=\"Ateliers des Eaux Bleues\" \/>\n<meta property=\"og:image\" content=\"https:\/\/ateliersdeseauxbleues.com\/wp-content\/uploads\/2019\/10\/Canne-dappui-scaled.jpg\" \/>\n\t<meta property=\"og:image:width\" content=\"2560\" \/>\n\t<meta property=\"og:image:height\" content=\"2560\" \/>\n\t<meta property=\"og:image:type\" content=\"image\/jpeg\" \/>\n<meta name=\"twitter:card\" content=\"summary_large_image\" \/>\n<script type=\"application\/ld+json\" class=\"yoast-schema-graph\">{\"@context\":\"https:\/\/schema.org\",\"@graph\":[{\"@type\":\"WebPage\",\"@id\":\"https:\/\/ateliersdeseauxbleues.com\/de\/catalogue\/blindenstocke-fur-blinde-und-sehbehinderte\/faltbarer-hoehenverstellbarer-weisser-stuetzstock\/\",\"url\":\"https:\/\/ateliersdeseauxbleues.com\/de\/catalogue\/blindenstocke-fur-blinde-und-sehbehinderte\/faltbarer-hoehenverstellbarer-weisser-stuetzstock\/\",\"name\":\"Faltbarer, h\u00f6henverstellbarer wei\u00dfer St\u00fctzstock - Ateliers des Eaux Bleues\",\"isPartOf\":{\"@id\":\"https:\/\/ateliersdeseauxbleues.com\/de\/#website\"},\"primaryImageOfPage\":{\"@id\":\"https:\/\/ateliersdeseauxbleues.com\/de\/catalogue\/blindenstocke-fur-blinde-und-sehbehinderte\/faltbarer-hoehenverstellbarer-weisser-stuetzstock\/#primaryimage\"},\"image\":{\"@id\":\"https:\/\/ateliersdeseauxbleues.com\/de\/catalogue\/blindenstocke-fur-blinde-und-sehbehinderte\/faltbarer-hoehenverstellbarer-weisser-stuetzstock\/#primaryimage\"},\"thumbnailUrl\":\"https:\/\/ateliersdeseauxbleues.com\/wp-content\/uploads\/2019\/10\/Canne-dappui-scaled.jpg\",\"datePublished\":\"2019-10-08T08:07:13+00:00\",\"breadcrumb\":{\"@id\":\"https:\/\/ateliersdeseauxbleues.com\/de\/catalogue\/blindenstocke-fur-blinde-und-sehbehinderte\/faltbarer-hoehenverstellbarer-weisser-stuetzstock\/#breadcrumb\"},\"inLanguage\":\"de\",\"potentialAction\":[{\"@type\":\"ReadAction\",\"target\":[\"https:\/\/ateliersdeseauxbleues.com\/de\/catalogue\/blindenstocke-fur-blinde-und-sehbehinderte\/faltbarer-hoehenverstellbarer-weisser-stuetzstock\/\"]}]},{\"@type\":\"ImageObject\",\"inLanguage\":\"de\",\"@id\":\"https:\/\/ateliersdeseauxbleues.com\/de\/catalogue\/blindenstocke-fur-blinde-und-sehbehinderte\/faltbarer-hoehenverstellbarer-weisser-stuetzstock\/#primaryimage\",\"url\":\"https:\/\/ateliersdeseauxbleues.com\/wp-content\/uploads\/2019\/10\/Canne-dappui-scaled.jpg\",\"contentUrl\":\"https:\/\/ateliersdeseauxbleues.com\/wp-content\/uploads\/2019\/10\/Canne-dappui-scaled.jpg\",\"width\":2560,\"height\":2560,\"caption\":\"Canne d'appui\"},{\"@type\":\"BreadcrumbList\",\"@id\":\"https:\/\/ateliersdeseauxbleues.com\/de\/catalogue\/blindenstocke-fur-blinde-und-sehbehinderte\/faltbarer-hoehenverstellbarer-weisser-stuetzstock\/#breadcrumb\",\"itemListElement\":[{\"@type\":\"ListItem\",\"position\":1,\"name\":\"Startseite\",\"item\":\"https:\/\/ateliersdeseauxbleues.com\/de\/ateliers-de-eaux-bleues-herstellung-von-blindenstoecken\/\"},{\"@type\":\"ListItem\",\"position\":2,\"name\":\"Sortiment\",\"item\":\"https:\/\/ateliersdeseauxbleues.com\/de\/sortiment\/\"},{\"@type\":\"ListItem\",\"position\":3,\"name\":\"Faltbarer, h\u00f6henverstellbarer wei\u00dfer St\u00fctzstock\"}]},{\"@type\":\"WebSite\",\"@id\":\"https:\/\/ateliersdeseauxbleues.com\/de\/#website\",\"url\":\"https:\/\/ateliersdeseauxbleues.com\/de\/\",\"name\":\"Ateliers des Eaux Bleues\",\"description\":\"Ateliers des Eaux Bleues\",\"publisher\":{\"@id\":\"https:\/\/ateliersdeseauxbleues.com\/de\/#organization\"},\"potentialAction\":[{\"@type\":\"SearchAction\",\"target\":{\"@type\":\"EntryPoint\",\"urlTemplate\":\"https:\/\/ateliersdeseauxbleues.com\/de\/?s={search_term_string}\"},\"query-input\":{\"@type\":\"PropertyValueSpecification\",\"valueRequired\":true,\"valueName\":\"search_term_string\"}}],\"inLanguage\":\"de\"},{\"@type\":\"Organization\",\"@id\":\"https:\/\/ateliersdeseauxbleues.com\/de\/#organization\",\"name\":\"Ateliers des Eaux Bleues\",\"url\":\"https:\/\/ateliersdeseauxbleues.com\/de\/\",\"logo\":{\"@type\":\"ImageObject\",\"inLanguage\":\"de\",\"@id\":\"https:\/\/ateliersdeseauxbleues.com\/de\/#\/schema\/logo\/image\/\",\"url\":\"https:\/\/ateliersdeseauxbleues.com\/wp-content\/uploads\/2024\/12\/Logo-atelier-des-eaux-bleues.png\",\"contentUrl\":\"https:\/\/ateliersdeseauxbleues.com\/wp-content\/uploads\/2024\/12\/Logo-atelier-des-eaux-bleues.png\",\"width\":940,\"height\":418,\"caption\":\"Ateliers des Eaux Bleues\"},\"image\":{\"@id\":\"https:\/\/ateliersdeseauxbleues.com\/de\/#\/schema\/logo\/image\/\"}}]}<\/script>\n<!-- \/ Yoast SEO plugin. -->","yoast_head_json":{"title":"Faltbarer, h\u00f6henverstellbarer wei\u00dfer St\u00fctzstock - Ateliers des Eaux Bleues","robots":{"index":"index","follow":"follow","max-snippet":"max-snippet:-1","max-image-preview":"max-image-preview:large","max-video-preview":"max-video-preview:-1"},"canonical":"https:\/\/ateliersdeseauxbleues.com\/de\/catalogue\/blindenstocke-fur-blinde-und-sehbehinderte\/faltbarer-hoehenverstellbarer-weisser-stuetzstock\/","og_locale":"de_DE","og_type":"article","og_title":"Faltbarer, h\u00f6henverstellbarer wei\u00dfer St\u00fctzstock - Ateliers des Eaux Bleues","og_description":"\u00dc H\u00f6henverstellbar von 80 bis 95 cm \u00dc T-Griff, schwarzes PVC \u00dc Rutschfeste Spitze \u00dc Handschlaufe inklusive \u00dc Aufbewahrungstasche inklusive","og_url":"https:\/\/ateliersdeseauxbleues.com\/de\/catalogue\/blindenstocke-fur-blinde-und-sehbehinderte\/faltbarer-hoehenverstellbarer-weisser-stuetzstock\/","og_site_name":"Ateliers des Eaux Bleues","og_image":[{"width":2560,"height":2560,"url":"https:\/\/ateliersdeseauxbleues.com\/wp-content\/uploads\/2019\/10\/Canne-dappui-scaled.jpg","type":"image\/jpeg"}],"twitter_card":"summary_large_image","schema":{"@context":"https:\/\/schema.org","@graph":[{"@type":"WebPage","@id":"https:\/\/ateliersdeseauxbleues.com\/de\/catalogue\/blindenstocke-fur-blinde-und-sehbehinderte\/faltbarer-hoehenverstellbarer-weisser-stuetzstock\/","url":"https:\/\/ateliersdeseauxbleues.com\/de\/catalogue\/blindenstocke-fur-blinde-und-sehbehinderte\/faltbarer-hoehenverstellbarer-weisser-stuetzstock\/","name":"Faltbarer, h\u00f6henverstellbarer wei\u00dfer St\u00fctzstock - Ateliers des Eaux Bleues","isPartOf":{"@id":"https:\/\/ateliersdeseauxbleues.com\/de\/#website"},"primaryImageOfPage":{"@id":"https:\/\/ateliersdeseauxbleues.com\/de\/catalogue\/blindenstocke-fur-blinde-und-sehbehinderte\/faltbarer-hoehenverstellbarer-weisser-stuetzstock\/#primaryimage"},"image":{"@id":"https:\/\/ateliersdeseauxbleues.com\/de\/catalogue\/blindenstocke-fur-blinde-und-sehbehinderte\/faltbarer-hoehenverstellbarer-weisser-stuetzstock\/#primaryimage"},"thumbnailUrl":"https:\/\/ateliersdeseauxbleues.com\/wp-content\/uploads\/2019\/10\/Canne-dappui-scaled.jpg","datePublished":"2019-10-08T08:07:13+00:00","breadcrumb":{"@id":"https:\/\/ateliersdeseauxbleues.com\/de\/catalogue\/blindenstocke-fur-blinde-und-sehbehinderte\/faltbarer-hoehenverstellbarer-weisser-stuetzstock\/#breadcrumb"},"inLanguage":"de","potentialAction":[{"@type":"ReadAction","target":["https:\/\/ateliersdeseauxbleues.com\/de\/catalogue\/blindenstocke-fur-blinde-und-sehbehinderte\/faltbarer-hoehenverstellbarer-weisser-stuetzstock\/"]}]},{"@type":"ImageObject","inLanguage":"de","@id":"https:\/\/ateliersdeseauxbleues.com\/de\/catalogue\/blindenstocke-fur-blinde-und-sehbehinderte\/faltbarer-hoehenverstellbarer-weisser-stuetzstock\/#primaryimage","url":"https:\/\/ateliersdeseauxbleues.com\/wp-content\/uploads\/2019\/10\/Canne-dappui-scaled.jpg","contentUrl":"https:\/\/ateliersdeseauxbleues.com\/wp-content\/uploads\/2019\/10\/Canne-dappui-scaled.jpg","width":2560,"height":2560,"caption":"Canne d'appui"},{"@type":"BreadcrumbList","@id":"https:\/\/ateliersdeseauxbleues.com\/de\/catalogue\/blindenstocke-fur-blinde-und-sehbehinderte\/faltbarer-hoehenverstellbarer-weisser-stuetzstock\/#breadcrumb","itemListElement":[{"@type":"ListItem","position":1,"name":"Startseite","item":"https:\/\/ateliersdeseauxbleues.com\/de\/ateliers-de-eaux-bleues-herstellung-von-blindenstoecken\/"},{"@type":"ListItem","position":2,"name":"Sortiment","item":"https:\/\/ateliersdeseauxbleues.com\/de\/sortiment\/"},{"@type":"ListItem","position":3,"name":"Faltbarer, h\u00f6henverstellbarer wei\u00dfer St\u00fctzstock"}]},{"@type":"WebSite","@id":"https:\/\/ateliersdeseauxbleues.com\/de\/#website","url":"https:\/\/ateliersdeseauxbleues.com\/de\/","name":"Ateliers des Eaux Bleues","description":"Ateliers des Eaux Bleues","publisher":{"@id":"https:\/\/ateliersdeseauxbleues.com\/de\/#organization"},"potentialAction":[{"@type":"SearchAction","target":{"@type":"EntryPoint","urlTemplate":"https:\/\/ateliersdeseauxbleues.com\/de\/?s={search_term_string}"},"query-input":{"@type":"PropertyValueSpecification","valueRequired":true,"valueName":"search_term_string"}}],"inLanguage":"de"},{"@type":"Organization","@id":"https:\/\/ateliersdeseauxbleues.com\/de\/#organization","name":"Ateliers des Eaux Bleues","url":"https:\/\/ateliersdeseauxbleues.com\/de\/","logo":{"@type":"ImageObject","inLanguage":"de","@id":"https:\/\/ateliersdeseauxbleues.com\/de\/#\/schema\/logo\/image\/","url":"https:\/\/ateliersdeseauxbleues.com\/wp-content\/uploads\/2024\/12\/Logo-atelier-des-eaux-bleues.png","contentUrl":"https:\/\/ateliersdeseauxbleues.com\/wp-content\/uploads\/2024\/12\/Logo-atelier-des-eaux-bleues.png","width":940,"height":418,"caption":"Ateliers des Eaux Bleues"},"image":{"@id":"https:\/\/ateliersdeseauxbleues.com\/de\/#\/schema\/logo\/image\/"}}]}},"_links":{"self":[{"href":"https:\/\/ateliersdeseauxbleues.com\/de\/wp-json\/wp\/v2\/product\/9645","targetHints":{"allow":["GET"]}}],"collection":[{"href":"https:\/\/ateliersdeseauxbleues.com\/de\/wp-json\/wp\/v2\/product"}],"about":[{"href":"https:\/\/ateliersdeseauxbleues.com\/de\/wp-json\/wp\/v2\/types\/product"}],"replies":[{"embeddable":true,"href":"https:\/\/ateliersdeseauxbleues.com\/de\/wp-json\/wp\/v2\/comments?post=9645"}],"wp:featuredmedia":[{"embeddable":true,"href":"https:\/\/ateliersdeseauxbleues.com\/de\/wp-json\/wp\/v2\/media\/2587"}],"wp:attachment":[{"href":"https:\/\/ateliersdeseauxbleues.com\/de\/wp-json\/wp\/v2\/media?parent=9645"}],"wp:term":[{"taxonomy":"product_brand","embeddable":true,"href":"https:\/\/ateliersdeseauxbleues.com\/de\/wp-json\/wp\/v2\/product_brand?post=9645"},{"taxonomy":"product_cat","embeddable":true,"href":"https:\/\/ateliersdeseauxbleues.com\/de\/wp-json\/wp\/v2\/product_cat?post=9645"},{"taxonomy":"product_tag","embeddable":true,"href":"https:\/\/ateliersdeseauxbleues.com\/de\/wp-json\/wp\/v2\/product_tag?post=9645"}],"curies":[{"name":"wp","href":"https:\/\/api.w.org\/{rel}","templated":true}]}}