{"id":9424,"date":"2025-03-26T15:08:48","date_gmt":"2025-03-26T14:08:48","guid":{"rendered":"https:\/\/ateliersdeseauxbleues.com\/datenschutzerklaerung\/"},"modified":"2026-03-20T12:34:17","modified_gmt":"2026-03-20T11:34:17","slug":"datenschutzerklaerung","status":"publish","type":"page","link":"https:\/\/ateliersdeseauxbleues.com\/de\/datenschutzerklaerung\/","title":{"rendered":"Datenschutzerkl\u00e4rung"},"content":{"rendered":"\t\t<div data-elementor-type=\"wp-page\" data-elementor-id=\"9424\" class=\"elementor elementor-9424 elementor-2650\" data-elementor-post-type=\"page\">\n\t\t\t\t<div class=\"elementor-element elementor-element-af2fdb1 e-flex e-con-boxed e-con e-parent\" data-id=\"af2fdb1\" data-element_type=\"container\" data-e-type=\"container\" data-settings=\"{&quot;background_background&quot;:&quot;classic&quot;}\">\n\t\t\t\t\t<div class=\"e-con-inner\">\n\t\t\t\t\t<\/div>\n\t\t\t\t<\/div>\n\t\t<div class=\"elementor-element elementor-element-2cd2ec1 e-flex e-con-boxed e-con e-parent\" data-id=\"2cd2ec1\" data-element_type=\"container\" data-e-type=\"container\">\n\t\t\t\t\t<div class=\"e-con-inner\">\n\t\t<div class=\"elementor-element elementor-element-e9d6fbb e-con-full e-flex e-con e-child\" data-id=\"e9d6fbb\" data-element_type=\"container\" data-e-type=\"container\">\n\t\t\t\t<div class=\"elementor-element elementor-element-0aa8d79 elementor-widget elementor-widget-text-editor\" data-id=\"0aa8d79\" data-element_type=\"widget\" data-e-type=\"widget\" data-widget_type=\"text-editor.default\">\n\t\t\t\t<div class=\"elementor-widget-container\">\n\t\t\t\t\t\t\t\t\t<p><span lang=\"FR-FR\" data-contrast=\"auto\">Gem\u00e4\u00df den Bestimmungen der geltenden Gesetzgebung zum Schutz personenbezogener Daten informieren wir Sie dar\u00fcber, dass Ihre Daten in das Verarbeitungssystem von INST JEUNES AVEUGLES DEFICIENTS VISUELS (CTRE EDUCATION DEFICIENTS VISUELS) aufgenommen werden, <\/span><span lang=\"FR-FR\" data-contrast=\"auto\">dessen Firmensitz sich in ESAT \u2013 Ateliers des Eaux Bleues, Domaine Des Eaux Bleues \u2013 54460 LIVERDUN befindet.<\/span><\/p>\t\t\t\t\t\t\t\t<\/div>\n\t\t\t\t<\/div>\n\t\t\t\t<div class=\"elementor-element elementor-element-e97e061 elementor-widget elementor-widget-toggle\" data-id=\"e97e061\" data-element_type=\"widget\" data-e-type=\"widget\" data-widget_type=\"toggle.default\">\n\t\t\t\t<div class=\"elementor-widget-container\">\n\t\t\t\t\t\t\t<div class=\"elementor-toggle\">\n\t\t\t\t\t\t\t<div class=\"elementor-toggle-item\">\n\t\t\t\t\t<div id=\"elementor-tab-title-2441\" class=\"elementor-tab-title\" data-tab=\"1\" role=\"button\" aria-controls=\"elementor-tab-content-2441\" aria-expanded=\"false\">\n\t\t\t\t\t\t\t\t\t\t\t\t<span class=\"elementor-toggle-icon elementor-toggle-icon-left\" aria-hidden=\"true\">\n\t\t\t\t\t\t\t\t\t\t\t\t\t\t\t<span class=\"elementor-toggle-icon-closed\"><svg class=\"e-font-icon-svg e-fas-caret-right\" viewBox=\"0 0 192 512\" xmlns=\"http:\/\/www.w3.org\/2000\/svg\"><path d=\"M0 384.662V127.338c0-17.818 21.543-26.741 34.142-14.142l128.662 128.662c7.81 7.81 7.81 20.474 0 28.284L34.142 398.804C21.543 411.404 0 402.48 0 384.662z\"><\/path><\/svg><\/span>\n\t\t\t\t\t\t\t\t<span class=\"elementor-toggle-icon-opened\"><svg class=\"elementor-toggle-icon-opened e-font-icon-svg e-fas-caret-up\" viewBox=\"0 0 320 512\" xmlns=\"http:\/\/www.w3.org\/2000\/svg\"><path d=\"M288.662 352H31.338c-17.818 0-26.741-21.543-14.142-34.142l128.662-128.662c7.81-7.81 20.474-7.81 28.284 0l128.662 128.662c12.6 12.599 3.676 34.142-14.142 34.142z\"><\/path><\/svg><\/span>\n\t\t\t\t\t\t\t\t\t\t\t\t\t<\/span>\n\t\t\t\t\t\t\t\t\t\t\t\t<a class=\"elementor-toggle-title\" tabindex=\"0\">1. Verantwortlicher f\u00fcr die Verarbeitung <\/a>\n\t\t\t\t\t<\/div>\n\n\t\t\t\t\t<div id=\"elementor-tab-content-2441\" class=\"elementor-tab-content elementor-clearfix\" data-tab=\"1\" role=\"region\" aria-labelledby=\"elementor-tab-title-2441\"><p><span class=\"TextRun SCXW161869172 BCX0\" lang=\"FR-FR\" data-contrast=\"auto\"><span class=\"NormalTextRun SCXW161869172 BCX0\">Im Sinne von Artikel 4.7 der DSGVO ist M Samuel ISAMBERT<\/span><\/span><span class=\"TextRun Highlight SCXW161869172 BCX0\" lang=\"EN-US\" data-contrast=\"auto\"><span class=\"NormalTextRun SCXW161869172 BCX0\">, Gesch\u00e4ftsf\u00fchrer von Fondation<\/span><\/span> <span class=\"TextRun SCXW161869172 BCX0\" lang=\"FR-FR\" xml:lang=\"FR-FR\" data-contrast=\"auto\"><span class=\"NormalTextRun SCXW161869172 BCX0\"> <\/span><\/span><span class=\"TextRun SCXW161869172 BCX0\" lang=\"FR-FR\" xml:lang=\"FR-FR\" data-contrast=\"auto\"><span class=\"NormalTextRun SCXW161869172 BCX0\">der Verantwortliche f\u00fcr die Verarbeitung der auf der Website erhobenen personenbezogenen Daten ateliersdeseauxbleues.com<\/span><\/span><span class=\"TextRun SCXW161869172 BCX0\" lang=\"FR-FR\" xml:lang=\"FR-FR\" data-contrast=\"auto\"><span class=\"NormalTextRun SCXW161869172 BCX0\"> M Samuel ISAMBERT<\/span><\/span><span class=\"TextRun SCXW161869172 BCX0\" lang=\"FR-FR\" xml:lang=\"FR-FR\" data-contrast=\"auto\"><span class=\"NormalTextRun SCXW161869172 BCX0\"> <\/span><\/span><span class=\"TextRun SCXW161869172 BCX0\" lang=\"FR-FR\" data-contrast=\"auto\"><span class=\"NormalTextRun SCXW161869172 BCX0\">und legt die Zwecke <\/span><\/span><span class=\"TextRun SCXW161869172 BCX0\" lang=\"FR-FR\" data-contrast=\"auto\"><span class=\"NormalTextRun SCXW161869172 BCX0\">und<\/span><\/span><span class=\"TextRun SCXW161869172 BCX0\" lang=\"FR-FR\" data-contrast=\"auto\"><span class=\"NormalTextRun SCXW161869172 BCX0\"> Mittel der durchgef\u00fchrten Verarbeitung(en) fest.<\/span><\/span><span class=\"EOP SCXW161869172 BCX0\" data-ccp-props=\"{}\"> <\/span><\/p>\n<\/div>\n\t\t\t\t<\/div>\n\t\t\t\t\t\t\t<div class=\"elementor-toggle-item\">\n\t\t\t\t\t<div id=\"elementor-tab-title-2442\" class=\"elementor-tab-title\" data-tab=\"2\" role=\"button\" aria-controls=\"elementor-tab-content-2442\" aria-expanded=\"false\">\n\t\t\t\t\t\t\t\t\t\t\t\t<span class=\"elementor-toggle-icon elementor-toggle-icon-left\" aria-hidden=\"true\">\n\t\t\t\t\t\t\t\t\t\t\t\t\t\t\t<span class=\"elementor-toggle-icon-closed\"><svg class=\"e-font-icon-svg e-fas-caret-right\" viewBox=\"0 0 192 512\" xmlns=\"http:\/\/www.w3.org\/2000\/svg\"><path d=\"M0 384.662V127.338c0-17.818 21.543-26.741 34.142-14.142l128.662 128.662c7.81 7.81 7.81 20.474 0 28.284L34.142 398.804C21.543 411.404 0 402.48 0 384.662z\"><\/path><\/svg><\/span>\n\t\t\t\t\t\t\t\t<span class=\"elementor-toggle-icon-opened\"><svg class=\"elementor-toggle-icon-opened e-font-icon-svg e-fas-caret-up\" viewBox=\"0 0 320 512\" xmlns=\"http:\/\/www.w3.org\/2000\/svg\"><path d=\"M288.662 352H31.338c-17.818 0-26.741-21.543-14.142-34.142l128.662-128.662c7.81-7.81 20.474-7.81 28.284 0l128.662 128.662c12.6 12.599 3.676 34.142-14.142 34.142z\"><\/path><\/svg><\/span>\n\t\t\t\t\t\t\t\t\t\t\t\t\t<\/span>\n\t\t\t\t\t\t\t\t\t\t\t\t<a class=\"elementor-toggle-title\" tabindex=\"0\">2. Warum erhebt INST JEUNES AVEUGLES DEFICIENTS VISUELS (CTRE EDUCATION DEFICIENTS VISUELS) personenbezogene Daten? <\/a>\n\t\t\t\t\t<\/div>\n\n\t\t\t\t\t<div id=\"elementor-tab-content-2442\" class=\"elementor-tab-content elementor-clearfix\" data-tab=\"2\" role=\"region\" aria-labelledby=\"elementor-tab-title-2442\"><p><span data-contrast=\"auto\">INST JEUNES AVEUGLES DEFICIENTS VISUELS (CTRE EDUCATION DEFICIENTS VISUELS) <\/span><span data-contrast=\"auto\">erhebt Daten f\u00fcr verschiedene<\/span><span data-contrast=\"auto\">  Zwecke, die im Folgenden erl\u00e4utert werden: die Analyse des Nutzungsverhaltens auf der Website, die Abwicklung von Verkaufsvorg\u00e4ngen, der Kundendienst und die kommerzielle Kundenwerbung. Bestimmte Daten werden <\/span><span data-contrast=\"auto\"> <\/span><span data-contrast=\"auto\">automatisch erhoben. Sie werden dar\u00fcber vorab genauestens informiert. Andere Erhebungen sind gesetzlich und\/oder regulatorisch vorgeschrieben (z. B. f\u00fcr die Erstellung von Rechnungen), wieder andere sind von strategischer und kommerzieller Bedeutung und erfordern Ihre vorherige Zustimmung.   <\/span><span data-ccp-props=\"{\"> <\/span><\/p>\n<p><span data-contrast=\"auto\">INST JEUNES AVEUGLES DEFICIENTS VISUELS (CTRE EDUCATION DEFICIENTS VISUELS) <\/span><span data-contrast=\"auto\">achtet in jedem <\/span><span data-contrast=\"auto\">Einzelfall<\/span><span data-contrast=\"auto\"> darauf, die Vorschriften einzuhalten, deren Anforderungen von der einfachen Information bis zur vorherigen Einholung Ihres Einverst\u00e4ndnisses reichen.<\/span><span data-ccp-props=\"{\"> <\/span><\/p>\n<ol>\n<li data-leveltext=\"%1.\" data-font=\"Calibri\" data-listid=\"3\" aria-setsize=\"-1\" data-aria-posinset=\"1\" data-aria-level=\"1\"><i><span data-contrast=\"auto\">Automatisch erhobene Daten<\/span><\/i> <br \/><span data-contrast=\"auto\"><br \/>Gem\u00e4\u00df den geltenden gesetzlichen und regulatorischen Bestimmungen erheben wir automatisch bestimmte Informationen, wenn Sie auf unserer Website surfen. Dabei handelt es sich um folgende Daten:  <\/span><span data-ccp-props=\"{\"> <\/span><\/li>\n<\/ol>\n<ul>\n<li data-leveltext=\"\uf0b7\" data-font=\"Symbol\" data-listid=\"1\" aria-setsize=\"-1\" data-aria-posinset=\"1\" data-aria-level=\"1\"><span data-contrast=\"auto\">das verwendete Ger\u00e4t und der Browser<\/span><span data-ccp-props=\"{\"> <\/span><\/li>\n<li data-leveltext=\"\uf0b7\" data-font=\"Symbol\" data-listid=\"1\" aria-setsize=\"-1\" data-aria-posinset=\"2\" data-aria-level=\"1\"><span data-contrast=\"auto\">die IP-Adresse<\/span><span data-ccp-props=\"{\"> <\/span><\/li>\n<li data-leveltext=\"\uf0b7\" data-font=\"Symbol\" data-listid=\"1\" aria-setsize=\"-1\" data-aria-posinset=\"3\" data-aria-level=\"1\"><span data-contrast=\"auto\">Datum und Uhrzeit Ihres Besuchs<\/span><span data-ccp-props=\"{\"> <\/span><\/li>\n<li data-leveltext=\"\uf0b7\" data-font=\"Symbol\" data-listid=\"1\" aria-setsize=\"-1\" data-aria-posinset=\"4\" data-aria-level=\"1\"><span data-contrast=\"auto\">Ihr Browserverlauf<\/span><span data-ccp-props=\"{\"> <\/span><\/li>\n<\/ul>\n<p><span data-contrast=\"auto\"><br \/>Damit diese Datenerhebung regulatorisch zul\u00e4ssig ist, stellen wir Ihnen einen<\/span><span data-contrast=\"auto\"> Widerspruchsmechanismus <\/span><span data-contrast=\"auto\">zur Verf\u00fcgung, indem Sie Ihre Kontaktpr\u00e4ferenzen im Bereich \u201eMein Konto\u201c unserer Website aktualisieren oder den Kundendienst kontaktieren.<\/span><span data-contrast=\"auto\">. Diese M\u00f6glichkeit kann auf allen Browsern und allen Arten von Endger\u00e4ten genutzt werden (einschlie\u00dflich  <\/span><span data-contrast=\"auto\">Smartphones<\/span><span data-contrast=\"auto\">  und Tablets). Kontaktieren Sie uns \u00fcber   <\/span><a href=\"\/contact\"><span data-contrast=\"auto\">diesen Link<\/span><\/a><span data-contrast=\"auto\">, falls Sie Schwierigkeiten bei der Nutzung dieses Mechanismus feststellen.<\/span><span data-ccp-props=\"{\"> <\/span><\/p>\n<p><span data-contrast=\"auto\">Gem\u00e4\u00df den geltenden Vorschriften informieren wir Sie au\u00dferdem dar\u00fcber, dass: <\/span><\/p>\n<ul>\n<li data-leveltext=\"\uf0d8\" data-font=\"Wingdings\" data-listid=\"4\" aria-setsize=\"-1\" data-aria-posinset=\"1\" data-aria-level=\"1\"><span data-contrast=\"auto\">Die erhobenen Daten werden nicht mit anderen Verarbeitungen abgeglichen (z. B. Kundendateien oder Besuchsstatistiken anderer Websites).<\/span><span data-ccp-props=\"{}\"> <\/span><\/li>\n<li data-leveltext=\"\uf0d8\" data-font=\"Wingdings\" data-listid=\"4\" aria-setsize=\"-1\" data-aria-posinset=\"2\" data-aria-level=\"1\"><span data-contrast=\"auto\">Die auf diesem Weg erhobenen Daten dienen ausschlie\u00dflich der Erstellung anonymer Statistiken.<\/span><span data-ccp-props=\"{}\"> <\/span><\/li>\n<li data-leveltext=\"\uf0d8\" data-font=\"Wingdings\" data-listid=\"4\" aria-setsize=\"-1\" data-aria-posinset=\"3\" data-aria-level=\"1\"><span data-contrast=\"auto\">Wir verfolgen Ihr Surfverhalten auf anderen Websites nicht.<\/span><span data-ccp-props=\"{}\"> <\/span><\/li>\n<li data-leveltext=\"\uf0d8\" data-font=\"Wingdings\" data-listid=\"4\" aria-setsize=\"-1\" data-aria-posinset=\"4\" data-aria-level=\"1\"><span data-contrast=\"auto\">Die erhobene IP-Adresse erlaubt keine genauere Geolokalisierung als auf der Ebene einer Stadt: <\/span><span data-ccp-props=\"{}\"> <\/span><\/li>\n<\/ul>\n<ul>\n<li style=\"list-style-type: none;\">\n<ul>\n<li data-leveltext=\"\uf0d8\" data-font=\"Wingdings\" data-listid=\"4\" aria-setsize=\"-1\" data-aria-posinset=\"1\" data-aria-level=\"1\"><span data-contrast=\"auto\">Diese Daten werden nicht l\u00e4nger als 13 Monate ab Ihrem ersten Besuch gespeichert.<\/span><span data-ccp-props=\"{}\"> <\/span><\/li>\n<li data-leveltext=\"\uf0d8\" data-font=\"Wingdings\" data-listid=\"4\" aria-setsize=\"-1\" data-aria-posinset=\"2\" data-aria-level=\"1\"><span data-contrast=\"auto\">Auch die rohen Besuchsdaten, die mit einer Kennung verkn\u00fcpft sind, d\u00fcrfen nicht l\u00e4nger als 13 Monate aufbewahrt werden.<\/span><span data-ccp-props=\"{}\"> <\/span><\/li>\n<\/ul>\n<\/li>\n<\/ul>\n<p><span data-contrast=\"auto\">Jede Datenerhebung, die \u00fcber die Erstellung dieser Statistiken hinausgeht, erfordert Ihre vorherige Zustimmung, sofern sie nicht auf einer anderen Rechtsgrundlage beruht.<\/span><span data-ccp-props=\"{}\"> <\/span><\/p>\n<p style=\"padding-left: 40px;\"><i><span data-contrast=\"auto\">2. Daten, die bei der Erstellung Ihres Kundenkontos und bei einer Bestellung erhoben werden<\/span><\/i> <br \/><span data-contrast=\"auto\"><br \/>Um Ihr Konto zu erstellen und auf den Bestellvorgang zuzugreifen, m\u00fcssen Sie uns Informationen zu Ihrem Unternehmen sowie Kontaktinformationen zur Verf\u00fcgung stellen, die als personenbezogen gelten: Ihr Name, Ihre Kontaktdaten (E-Mail- und Postadresse sowie Telefonnummer), Ihre Bankverbindung. Die Rechtsgrundlage f\u00fcr diese Erhebung und Verarbeitung ist Artikel 6.1.b der   <\/span><span data-contrast=\"auto\">VERORDNUNG (EU) 2016\/679 DES EUROP\u00c4ISCHEN PARLAMENTS UND DES RATES vom 27. April 2016 zum Schutz nat\u00fcrlicher Personen bei der Verarbeitung personenbezogener Daten, zum freien Datenverkehr und zur Aufhebung der Richtlinie 95\/46\/EG (Datenschutz-Grundverordnung oder \u201eDSGVO\u201c<\/span><span data-contrast=\"auto\">).<\/span>  <\/p>\n<p style=\"padding-left: 40px;\"><i><span data-contrast=\"auto\">3. Daten, die erhoben werden, wenn Sie den Kundendienst kontaktieren<\/span><\/i><\/p>\n<p>Wenn Sie den Kundendienst kontaktieren, \u00fcbermitteln Sie uns unter Umst\u00e4nden personenbezogene Daten, damit wir Ihre Anfragen bearbeiten k\u00f6nnen. Auch hier bildet Artikel 6.1.b der DSGVO die Rechtsgrundlage. Die Rechtsgrundlage f\u00fcr diese Erhebung und Verarbeitung ist Artikel 6.1.b der <span data-contrast=\"auto\">VERORDNUNG (EU) 2016\/679 DES EUROP\u00c4ISCHEN PARLAMENTS UND DES RATES vom 27. April 2016 zum Schutz nat\u00fcrlicher Personen bei der Verarbeitung personenbezogener Daten, zum freien Datenverkehr und zur Aufhebung der Richtlinie 95\/46\/EG (Datenschutz-Grundverordnung oder \u201eDSGVO\u201c<\/span><span data-contrast=\"auto\">).<\/span>  <span data-ccp-props=\"{\"> <\/span><\/p>\n<\/div>\n\t\t\t\t<\/div>\n\t\t\t\t\t\t\t<div class=\"elementor-toggle-item\">\n\t\t\t\t\t<div id=\"elementor-tab-title-2443\" class=\"elementor-tab-title\" data-tab=\"3\" role=\"button\" aria-controls=\"elementor-tab-content-2443\" aria-expanded=\"false\">\n\t\t\t\t\t\t\t\t\t\t\t\t<span class=\"elementor-toggle-icon elementor-toggle-icon-left\" aria-hidden=\"true\">\n\t\t\t\t\t\t\t\t\t\t\t\t\t\t\t<span class=\"elementor-toggle-icon-closed\"><svg class=\"e-font-icon-svg e-fas-caret-right\" viewBox=\"0 0 192 512\" xmlns=\"http:\/\/www.w3.org\/2000\/svg\"><path d=\"M0 384.662V127.338c0-17.818 21.543-26.741 34.142-14.142l128.662 128.662c7.81 7.81 7.81 20.474 0 28.284L34.142 398.804C21.543 411.404 0 402.48 0 384.662z\"><\/path><\/svg><\/span>\n\t\t\t\t\t\t\t\t<span class=\"elementor-toggle-icon-opened\"><svg class=\"elementor-toggle-icon-opened e-font-icon-svg e-fas-caret-up\" viewBox=\"0 0 320 512\" xmlns=\"http:\/\/www.w3.org\/2000\/svg\"><path d=\"M288.662 352H31.338c-17.818 0-26.741-21.543-14.142-34.142l128.662-128.662c7.81-7.81 20.474-7.81 28.284 0l128.662 128.662c12.6 12.599 3.676 34.142-14.142 34.142z\"><\/path><\/svg><\/span>\n\t\t\t\t\t\t\t\t\t\t\t\t\t<\/span>\n\t\t\t\t\t\t\t\t\t\t\t\t<a class=\"elementor-toggle-title\" tabindex=\"0\">3. Aufbewahrung der Daten <\/a>\n\t\t\t\t\t<\/div>\n\n\t\t\t\t\t<div id=\"elementor-tab-content-2443\" class=\"elementor-tab-content elementor-clearfix\" data-tab=\"3\" role=\"region\" aria-labelledby=\"elementor-tab-title-2443\"><p><span class=\"TextRun BCX0 SCXW27680317\" lang=\"FR-FR\" xml:lang=\"FR-FR\" data-contrast=\"auto\"><span class=\"NormalTextRun BCX0 SCXW27680317\">Gem\u00e4\u00df den geltenden Vorschriften  INST JEUNES AVEUGLES DEFICIENTS VISUELS (CTRE EDUCATION DEFICIENTS VISUELS)<\/span><\/span><span class=\"TextRun BCX0 SCXW27680317\" lang=\"FR-FR\" xml:lang=\"FR-FR\" data-contrast=\"auto\"><span class=\"NormalTextRun BCX0 SCXW27680317\"> <\/span><\/span><span class=\"TextRun BCX0 SCXW27680317\" lang=\"FR-FR\" xml:lang=\"FR-FR\" data-contrast=\"auto\"><span class=\"NormalTextRun BCX0 SCXW27680317\">informiert Sie dar\u00fcber, dass die Daten f\u00fcr den Zeitraum aufbewahrt werden, der f\u00fcr ihre Verarbeitung unbedingt erforderlich ist, in \u00dcbereinstimmung mit den lokal geltenden Vorschriften. Beispielsweise sind wir nach franz\u00f6sischem Recht verpflichtet, Zahlungs- und Rechnungsinformationen f\u00fcr einen Zeitraum von 10 Jahren aufzubewahren. <\/span><\/span><span class=\"LineBreakBlob BlobObject DragDrop BCX0 SCXW27680317\"><span class=\"BCX0 SCXW27680317\"> <\/span><br class=\"BCX0 SCXW27680317\"><\/span><\/p>\n<\/div>\n\t\t\t\t<\/div>\n\t\t\t\t\t\t\t<div class=\"elementor-toggle-item\">\n\t\t\t\t\t<div id=\"elementor-tab-title-2444\" class=\"elementor-tab-title\" data-tab=\"4\" role=\"button\" aria-controls=\"elementor-tab-content-2444\" aria-expanded=\"false\">\n\t\t\t\t\t\t\t\t\t\t\t\t<span class=\"elementor-toggle-icon elementor-toggle-icon-left\" aria-hidden=\"true\">\n\t\t\t\t\t\t\t\t\t\t\t\t\t\t\t<span class=\"elementor-toggle-icon-closed\"><svg class=\"e-font-icon-svg e-fas-caret-right\" viewBox=\"0 0 192 512\" xmlns=\"http:\/\/www.w3.org\/2000\/svg\"><path d=\"M0 384.662V127.338c0-17.818 21.543-26.741 34.142-14.142l128.662 128.662c7.81 7.81 7.81 20.474 0 28.284L34.142 398.804C21.543 411.404 0 402.48 0 384.662z\"><\/path><\/svg><\/span>\n\t\t\t\t\t\t\t\t<span class=\"elementor-toggle-icon-opened\"><svg class=\"elementor-toggle-icon-opened e-font-icon-svg e-fas-caret-up\" viewBox=\"0 0 320 512\" xmlns=\"http:\/\/www.w3.org\/2000\/svg\"><path d=\"M288.662 352H31.338c-17.818 0-26.741-21.543-14.142-34.142l128.662-128.662c7.81-7.81 20.474-7.81 28.284 0l128.662 128.662c12.6 12.599 3.676 34.142-14.142 34.142z\"><\/path><\/svg><\/span>\n\t\t\t\t\t\t\t\t\t\t\t\t\t<\/span>\n\t\t\t\t\t\t\t\t\t\t\t\t<a class=\"elementor-toggle-title\" tabindex=\"0\">4. Datenverarbeitung <\/a>\n\t\t\t\t\t<\/div>\n\n\t\t\t\t\t<div id=\"elementor-tab-content-2444\" class=\"elementor-tab-content elementor-clearfix\" data-tab=\"4\" role=\"region\" aria-labelledby=\"elementor-tab-title-2444\"><p><span data-contrast=\"auto\">INST JEUNES AVEUGLES DEFICIENTS VISUELS (CTRE EDUCATION DEFICIENTS VISUELS) <\/span><span data-contrast=\"auto\">informiert dar\u00fcber, dass die Daten auf rechtm\u00e4\u00dfige, loyale, transparente, angemessene, relevante, begrenzte, pr\u00e4zise und aktualisierte Weise verarbeitet werden. Deshalb   INST JEUNES AVEUGLES DEFICIENTS VISUELS (CTRE EDUCATION DEFICIENTS VISUELS) <\/span><span data-contrast=\"auto\">verpflichtet sich, alle angemessenen Ma\u00dfnahmen zu ergreifen, damit diese unverz\u00fcglich gel\u00f6scht oder berichtigt werden, wenn sie unrichtig sind. Ein Mitarbeiter von   INST JEUNES AVEUGLES DEFICIENTS VISUELS (CTRE EDUCATION DEFICIENTS VISUELS)<\/span><span data-contrast=\"auto\"> <\/span><span data-contrast=\"auto\">kann Sie telefonisch kontaktieren, um die Richtigkeit der bereitgestellten Informationen sicherzustellen.<\/span> <\/p>\n<p><span data-contrast=\"auto\">INST JEUNES AVEUGLES DEFICIENTS VISUELS (CTRE EDUCATION DEFICIENTS VISUELS) <\/span><span data-contrast=\"auto\">verarbeitet Ihre Daten, um <\/span><span data-contrast=\"auto\">seine<\/span><span data-contrast=\"auto\">  vertraglichen Verpflichtungen f\u00fcr den Druck Ihrer Bestellung und die Verwaltung Ihres Kundenkontos zu erf\u00fcllen. Ohne diese Daten sind wir m\u00f6glicherweise nicht in der Lage, die bestellten Dienstleistungen in Rechnung zu stellen. <\/span><span data-ccp-props=\"{}\"> <\/span><\/p>\n<\/div>\n\t\t\t\t<\/div>\n\t\t\t\t\t\t\t<div class=\"elementor-toggle-item\">\n\t\t\t\t\t<div id=\"elementor-tab-title-2445\" class=\"elementor-tab-title\" data-tab=\"5\" role=\"button\" aria-controls=\"elementor-tab-content-2445\" aria-expanded=\"false\">\n\t\t\t\t\t\t\t\t\t\t\t\t<span class=\"elementor-toggle-icon elementor-toggle-icon-left\" aria-hidden=\"true\">\n\t\t\t\t\t\t\t\t\t\t\t\t\t\t\t<span class=\"elementor-toggle-icon-closed\"><svg class=\"e-font-icon-svg e-fas-caret-right\" viewBox=\"0 0 192 512\" xmlns=\"http:\/\/www.w3.org\/2000\/svg\"><path d=\"M0 384.662V127.338c0-17.818 21.543-26.741 34.142-14.142l128.662 128.662c7.81 7.81 7.81 20.474 0 28.284L34.142 398.804C21.543 411.404 0 402.48 0 384.662z\"><\/path><\/svg><\/span>\n\t\t\t\t\t\t\t\t<span class=\"elementor-toggle-icon-opened\"><svg class=\"elementor-toggle-icon-opened e-font-icon-svg e-fas-caret-up\" viewBox=\"0 0 320 512\" xmlns=\"http:\/\/www.w3.org\/2000\/svg\"><path d=\"M288.662 352H31.338c-17.818 0-26.741-21.543-14.142-34.142l128.662-128.662c7.81-7.81 20.474-7.81 28.284 0l128.662 128.662c12.6 12.599 3.676 34.142-14.142 34.142z\"><\/path><\/svg><\/span>\n\t\t\t\t\t\t\t\t\t\t\t\t\t<\/span>\n\t\t\t\t\t\t\t\t\t\t\t\t<a class=\"elementor-toggle-title\" tabindex=\"0\">5. Rechte der Nutzer <\/a>\n\t\t\t\t\t<\/div>\n\n\t\t\t\t\t<div id=\"elementor-tab-content-2445\" class=\"elementor-tab-content elementor-clearfix\" data-tab=\"5\" role=\"region\" aria-labelledby=\"elementor-tab-title-2445\"><p><span data-contrast=\"auto\">Gem\u00e4\u00df den Artikeln 15 bis 22 DSGVO haben Sie in Bezug auf die Daten, die wir \u00fcber Sie speichern, folgende Rechte:<\/span><span data-ccp-props=\"{}\"> <br \/><\/span> <br \/><span data-contrast=\"auto\">\u2013 Auskunftsrecht (Artikel 15 DSGVO)<\/span> <br \/><span data-contrast=\"auto\">\u2013 Recht auf Berichtigung (Artikel 16 DSGVO)<\/span> <br \/><span data-contrast=\"auto\">\u2013 Recht auf L\u00f6schung (Artikel 17 DSGVO)<\/span> <br \/><span data-contrast=\"auto\">\u2013 Recht auf Einschr\u00e4nkung der Verarbeitung (Artikel 18 DSGVO)<\/span> <br \/><span data-contrast=\"auto\">\u2013 Recht auf Benachrichtigung \u00fcber Daten: Berichtigungen, L\u00f6schungen, Einschr\u00e4nkungen (Artikel 19 DSGVO)<\/span> <br \/><span data-contrast=\"auto\">\u2013 Recht auf Daten\u00fcbertragbarkeit (Artikel 20 DSGVO)<\/span> <br \/><span data-contrast=\"auto\">\u2013 Widerspruchsrecht (Artikel 21 DSGVO)<\/span> <br \/><span data-contrast=\"auto\">\u2013 Recht, keiner Profilbildung unterworfen zu werden (Artikel 22 DSGVO)<\/span> <\/p>\n<p><span data-contrast=\"auto\">Sie k\u00f6nnen diese Rechte aus\u00fcben, indem Sie Ihre Anfrage an die folgende Postadresse richten: INST JEUNES AVEUGLES DEFICIENTS VISUELS (CTRE EDUCATION DEFICIENTS VISUELS), ESAT \u2013 Ateliers des Eaux Bleues, Domaine Des Eaux Bleues \u2013 54460 LIVERDUN <\/span><span data-contrast=\"auto\">oder an die E-Mail-Adresse contact@ateliersdeseauxbleues.fr.<\/span><span data-contrast=\"auto\"> Jedem Antrag auf Aus\u00fcbung eines Rechts muss eine Kopie eines g\u00fcltigen Identit\u00e4tsnachweises beigef\u00fcgt werden, damit wir sicherstellen k\u00f6nnen, dass der gestellte Antrag tats\u00e4chlich <\/span><span data-contrast=\"auto\">vom<\/span><span data-contrast=\"auto\">  rechtm\u00e4\u00dfigen Inhaber der betreffenden Daten stammt. Sie k\u00f6nnen sich auch an die zust\u00e4ndige Aufsichtsbeh\u00f6rde (CNIL) wenden, um eine Beschwerde einzureichen, die Sie f\u00fcr angemessen halten.  <\/span><span data-ccp-props=\"{\"> <\/span><\/p>\n<\/div>\n\t\t\t\t<\/div>\n\t\t\t\t\t\t\t<div class=\"elementor-toggle-item\">\n\t\t\t\t\t<div id=\"elementor-tab-title-2446\" class=\"elementor-tab-title\" data-tab=\"6\" role=\"button\" aria-controls=\"elementor-tab-content-2446\" aria-expanded=\"false\">\n\t\t\t\t\t\t\t\t\t\t\t\t<span class=\"elementor-toggle-icon elementor-toggle-icon-left\" aria-hidden=\"true\">\n\t\t\t\t\t\t\t\t\t\t\t\t\t\t\t<span class=\"elementor-toggle-icon-closed\"><svg class=\"e-font-icon-svg e-fas-caret-right\" viewBox=\"0 0 192 512\" xmlns=\"http:\/\/www.w3.org\/2000\/svg\"><path d=\"M0 384.662V127.338c0-17.818 21.543-26.741 34.142-14.142l128.662 128.662c7.81 7.81 7.81 20.474 0 28.284L34.142 398.804C21.543 411.404 0 402.48 0 384.662z\"><\/path><\/svg><\/span>\n\t\t\t\t\t\t\t\t<span class=\"elementor-toggle-icon-opened\"><svg class=\"elementor-toggle-icon-opened e-font-icon-svg e-fas-caret-up\" viewBox=\"0 0 320 512\" xmlns=\"http:\/\/www.w3.org\/2000\/svg\"><path d=\"M288.662 352H31.338c-17.818 0-26.741-21.543-14.142-34.142l128.662-128.662c7.81-7.81 20.474-7.81 28.284 0l128.662 128.662c12.6 12.599 3.676 34.142-14.142 34.142z\"><\/path><\/svg><\/span>\n\t\t\t\t\t\t\t\t\t\t\t\t\t<\/span>\n\t\t\t\t\t\t\t\t\t\t\t\t<a class=\"elementor-toggle-title\" tabindex=\"0\">6. Daten\u00fcbermittlung <\/a>\n\t\t\t\t\t<\/div>\n\n\t\t\t\t\t<div id=\"elementor-tab-content-2446\" class=\"elementor-tab-content elementor-clearfix\" data-tab=\"6\" role=\"region\" aria-labelledby=\"elementor-tab-title-2446\"><p><span data-contrast=\"auto\">INST JEUNES AVEUGLES DEFICIENTS VISUELS (CTRE EDUCATION DEFICIENTS VISUELS) <\/span><span data-contrast=\"auto\">informiert dar\u00fcber, dass eine <\/span><span data-contrast=\"auto\">Daten\u00fcbermittlung<\/span><span data-contrast=\"auto\"> erfolgen kann, wenn dies erforderlich ist (z. B. an Subunternehmer wie Grafiker und\/oder Werkst\u00e4tten oder Transportunternehmen wie DHL, TNT, UPS und La Poste).<\/span><span data-ccp-props=\"{}\"> <\/span><\/p>\n<p><span data-contrast=\"auto\">Diese Daten\u00fcbermittlung erfolgt unter Einhaltung der Garantien, Ma\u00dfnahmen und Rechte, die in der geltenden Gesetzgebung zum Schutz personenbezogener Daten vorgesehen sind, und in \u00dcbereinstimmung mit dieser Datenschutzerkl\u00e4rung.<\/span> <br \/><span data-ccp-props=\"{}\"> <\/span><\/p>\n<\/div>\n\t\t\t\t<\/div>\n\t\t\t\t\t\t\t<div class=\"elementor-toggle-item\">\n\t\t\t\t\t<div id=\"elementor-tab-title-2447\" class=\"elementor-tab-title\" data-tab=\"7\" role=\"button\" aria-controls=\"elementor-tab-content-2447\" aria-expanded=\"false\">\n\t\t\t\t\t\t\t\t\t\t\t\t<span class=\"elementor-toggle-icon elementor-toggle-icon-left\" aria-hidden=\"true\">\n\t\t\t\t\t\t\t\t\t\t\t\t\t\t\t<span class=\"elementor-toggle-icon-closed\"><svg class=\"e-font-icon-svg e-fas-caret-right\" viewBox=\"0 0 192 512\" xmlns=\"http:\/\/www.w3.org\/2000\/svg\"><path d=\"M0 384.662V127.338c0-17.818 21.543-26.741 34.142-14.142l128.662 128.662c7.81 7.81 7.81 20.474 0 28.284L34.142 398.804C21.543 411.404 0 402.48 0 384.662z\"><\/path><\/svg><\/span>\n\t\t\t\t\t\t\t\t<span class=\"elementor-toggle-icon-opened\"><svg class=\"elementor-toggle-icon-opened e-font-icon-svg e-fas-caret-up\" viewBox=\"0 0 320 512\" xmlns=\"http:\/\/www.w3.org\/2000\/svg\"><path d=\"M288.662 352H31.338c-17.818 0-26.741-21.543-14.142-34.142l128.662-128.662c7.81-7.81 20.474-7.81 28.284 0l128.662 128.662c12.6 12.599 3.676 34.142-14.142 34.142z\"><\/path><\/svg><\/span>\n\t\t\t\t\t\t\t\t\t\t\t\t\t<\/span>\n\t\t\t\t\t\t\t\t\t\t\t\t<a class=\"elementor-toggle-title\" tabindex=\"0\">7. Dauer der Datenspeicherung <\/a>\n\t\t\t\t\t<\/div>\n\n\t\t\t\t\t<div id=\"elementor-tab-content-2447\" class=\"elementor-tab-content elementor-clearfix\" data-tab=\"7\" role=\"region\" aria-labelledby=\"elementor-tab-title-2447\"><p><span class=\"TextRun SCXW261312431 BCX0\" lang=\"FR-FR\" xml:lang=\"FR-FR\" data-contrast=\"auto\"><span class=\"NormalTextRun SCXW261312431 BCX0\">Die Aufbewahrungsfristen f\u00fcr Ihre Daten variieren je nach Rechtslage und, wenn die Einschr\u00e4nkungen geringer sind, nach den Empfehlungen der CNIL und unseren Bed\u00fcrfnissen. So m\u00fcssen wir beispielsweise Rechnungen gesetzlich f\u00fcr einen Zeitraum von 10 Jahren aufbewahren. Rechnungsdaten werden daher 10 Jahre lang gespeichert.   <\/span><\/span><span class=\"EOP SCXW261312431 BCX0\" data-ccp-props=\"{}\"> <\/span><\/p>\n<\/div>\n\t\t\t\t<\/div>\n\t\t\t\t\t\t\t<div class=\"elementor-toggle-item\">\n\t\t\t\t\t<div id=\"elementor-tab-title-2448\" class=\"elementor-tab-title\" data-tab=\"8\" role=\"button\" aria-controls=\"elementor-tab-content-2448\" aria-expanded=\"false\">\n\t\t\t\t\t\t\t\t\t\t\t\t<span class=\"elementor-toggle-icon elementor-toggle-icon-left\" aria-hidden=\"true\">\n\t\t\t\t\t\t\t\t\t\t\t\t\t\t\t<span class=\"elementor-toggle-icon-closed\"><svg class=\"e-font-icon-svg e-fas-caret-right\" viewBox=\"0 0 192 512\" xmlns=\"http:\/\/www.w3.org\/2000\/svg\"><path d=\"M0 384.662V127.338c0-17.818 21.543-26.741 34.142-14.142l128.662 128.662c7.81 7.81 7.81 20.474 0 28.284L34.142 398.804C21.543 411.404 0 402.48 0 384.662z\"><\/path><\/svg><\/span>\n\t\t\t\t\t\t\t\t<span class=\"elementor-toggle-icon-opened\"><svg class=\"elementor-toggle-icon-opened e-font-icon-svg e-fas-caret-up\" viewBox=\"0 0 320 512\" xmlns=\"http:\/\/www.w3.org\/2000\/svg\"><path d=\"M288.662 352H31.338c-17.818 0-26.741-21.543-14.142-34.142l128.662-128.662c7.81-7.81 20.474-7.81 28.284 0l128.662 128.662c12.6 12.599 3.676 34.142-14.142 34.142z\"><\/path><\/svg><\/span>\n\t\t\t\t\t\t\t\t\t\t\t\t\t<\/span>\n\t\t\t\t\t\t\t\t\t\t\t\t<a class=\"elementor-toggle-title\" tabindex=\"0\">8. Cookies<\/a>\n\t\t\t\t\t<\/div>\n\n\t\t\t\t\t<div id=\"elementor-tab-content-2448\" class=\"elementor-tab-content elementor-clearfix\" data-tab=\"8\" role=\"region\" aria-labelledby=\"elementor-tab-title-2448\"><p><b><span data-contrast=\"auto\">8.1. Informationen \u00fcber Cookies:<\/span><\/b><span data-ccp-props=\"{\"> <\/span><\/p>\n<p><span data-contrast=\"auto\">F\u00fcr statistische Zwecke und zur Anzeige verwendet diese Website Cookies. Dabei handelt es sich um kleine Textdateien, die auf Ihrer Festplatte gespeichert werden, um technische Daten \u00fcber Ihr Surfverhalten aufzuzeichnen. Einige Teile dieser Website k\u00f6nnen ohne die Annahme von Cookies nicht funktionieren.  <\/span><span data-ccp-props=\"{\"> <\/span><\/p>\n<p><b><span data-contrast=\"auto\">8.2. Zweck der verwendeten Cookies:<\/span><\/b><span data-ccp-props=\"{\"> <\/span><\/p>\n<p><span data-contrast=\"auto\">Wir verwenden Cookies der folgenden Dienste: Google Analytics. Die Daten und Statistiken, die wir mithilfe dieser Cookies sammeln, werden einzig und allein zu dem Zweck verwendet, die Qualit\u00e4t unserer Dienstleistungen zu verbessern. <\/span><span data-ccp-props=\"{\"> <\/span><\/p>\n<ul>\n<li data-leveltext=\"o\" data-font=\"Courier New\" data-listid=\"1\" aria-setsize=\"-1\" data-aria-posinset=\"1\" data-aria-level=\"2\"><span data-contrast=\"auto\">Google Analytics: wird anonym verwendet, um die Benutzererfahrung auf unserer Website zu verbessern und Ihnen eine intuitive Navigation zu erm\u00f6glichen.<\/span><span data-ccp-props=\"{\"> <\/span><\/li>\n<li data-leveltext=\"o\" data-font=\"Courier New\" data-listid=\"1\" aria-setsize=\"-1\" data-aria-posinset=\"1\" data-aria-level=\"2\">Zendesk: ist eine Software, die den Austausch mit Ihnen erleichtert, indem sie ein Dialogfenster in der unteren rechten Ecke unserer Seite anzeigt.<\/li>\n<\/ul>\n<p><span data-contrast=\"auto\">Diese Daten werden an keine Dritten weitergegeben.<\/span><span data-ccp-props=\"{\"> <\/span><\/p>\n<p><b><span data-contrast=\"auto\">8.3. Ihre Wahlm\u00f6glichkeiten in Bezug auf Cookies:<\/span><\/b><span data-ccp-props=\"{\"> <\/span><\/p>\n<p><span data-contrast=\"auto\">Sie k\u00f6nnen sich jederzeit dazu entscheiden, Ihre W\u00fcnsche in Bezug auf Cookies \u00fcber die unten beschriebenen Wege zu \u00e4u\u00dfern und zu \u00e4ndern.<\/span><span data-ccp-props=\"{\"> <\/span><\/p>\n<p><span data-contrast=\"auto\">Sie k\u00f6nnen Ihre Browser-Software so konfigurieren, dass Cookies auf Ihrem Endger\u00e4t gespeichert oder im Gegenteil abgelehnt werden, entweder systematisch oder je nach Aussteller. Sie k\u00f6nnen Ihre Browser-Software auch so konfigurieren, dass Ihnen die Annahme oder Ablehnung von Cookies punktuell angeboten wird, bevor ein Cookie voraussichtlich auf Ihrem Endger\u00e4t gespeichert wird. Weitere Informationen finden Sie im Abschnitt \u201eWie Sie Ihre Wahl je nach verwendetem Browser aus\u00fcben\u201c.  <\/span><span data-ccp-props=\"{\"> <\/span><\/p>\n<p><b><span data-contrast=\"auto\">8.4. Annahme von Cookies:<\/span><\/b><span data-ccp-props=\"{\"> <\/span><\/p>\n<p><span data-contrast=\"auto\">Die Speicherung eines Cookies auf einem Endger\u00e4t h\u00e4ngt vom Willen des Nutzers ab, den dieser jederzeit kostenlos \u00fcber die in seiner Browser-Software angebotenen Auswahlm\u00f6glichkeiten \u00e4u\u00dfern und \u00e4ndern kann. Wenn Sie in Ihrer Browser-Software die Speicherung von Cookies auf Ihrem Endger\u00e4t akzeptiert haben, k\u00f6nnen die in den von Ihnen aufgerufenen Seiten und Inhalten integrierten Cookies vor\u00fcbergehend in einem daf\u00fcr vorgesehenen Bereich Ihres Endger\u00e4ts gespeichert werden. Sie sind dort nur f\u00fcr deren Aussteller lesbar.  <\/span><span data-ccp-props=\"{\"> <\/span><\/p>\n<p><b><span data-contrast=\"auto\">8.5. Ablehnung von Cookies:<\/span><\/b><span data-ccp-props=\"{\"> <\/span><\/p>\n<p><span data-contrast=\"auto\">Wenn Sie die Speicherung von Cookies auf Ihrem Endger\u00e4t ablehnen oder die dort gespeicherten Cookies l\u00f6schen, k\u00f6nnen Sie eventuell eine Reihe von Funktionen nicht mehr nutzen. Dies w\u00e4re auch dann der Fall, wenn wir \u2013 oder unsere Dienstleister \u2013 aus Gr\u00fcnden der technischen Kompatibilit\u00e4t den von Ihrem Endger\u00e4t verwendeten Browsertyp, seine Sprach- und Anzeigeeinstellungen oder das Land, von dem aus Ihr Endger\u00e4t mit dem Internet verbunden zu sein scheint, nicht erkennen k\u00f6nnten. In diesem Fall lehnen wir jede Verantwortung f\u00fcr die Folgen ab, die mit der beeintr\u00e4chtigten Funktion unserer Dienste verbunden sind, die daraus resultieren, dass die f\u00fcr deren Funktion erforderlichen Cookies, die Sie abgelehnt oder gel\u00f6scht haben, nicht gespeichert oder aufgerufen werden k\u00f6nnen.  <\/span><span data-ccp-props=\"{\"> <\/span><\/p>\n<p><span data-contrast=\"auto\">Wie Sie Ihre Wahl je nach verwendetem Browser aus\u00fcben<\/span><span data-ccp-props=\"{\"> <\/span><\/p>\n<p><span data-contrast=\"auto\">F\u00fcr die Verwaltung von Cookies und Ihre Auswahlm\u00f6glichkeiten ist die Konfiguration jedes Browsers unterschiedlich. Sie ist im Hilfemen\u00fc Ihres Browsers beschrieben, in dem Sie erfahren k\u00f6nnen, wie Sie Ihre W\u00fcnsche in Bezug auf Cookies \u00e4ndern k\u00f6nnen. <\/span><span data-ccp-props=\"{\"> <\/span><\/p>\n<p><span data-contrast=\"auto\">Wir laden Sie ein, auf den Namen Ihres Browsers zu klicken, um zum entsprechenden Hilfemen\u00fc zu gelangen:<\/span><span data-ccp-props=\"{\"> <\/span><\/p>\n<ul>\n<li data-leveltext=\"o\" data-font=\"Courier New\" data-listid=\"1\" aria-setsize=\"-1\" data-aria-posinset=\"1\" data-aria-level=\"2\"><span data-contrast=\"auto\">F\u00fcr <\/span><a href=\"http:\/\/windows.microsoft.com\/fr-fr\/windows-vista\/block-or-allow-cookies\"><span data-contrast=\"auto\">Internet Explorer\u2122<\/span><\/a><span data-ccp-props=\"{\"> <\/span><\/li>\n<li data-leveltext=\"o\" data-font=\"Courier New\" data-listid=\"1\" aria-setsize=\"-1\" data-aria-posinset=\"2\" data-aria-level=\"2\"><span data-contrast=\"auto\">F\u00fcr <\/span><a href=\"http:\/\/support.apple.com\/kb\/ht1677?viewlocale=fr_fr\"><span data-contrast=\"auto\">Safari\u2122<\/span><\/a><span data-ccp-props=\"{\"> <\/span><\/li>\n<li data-leveltext=\"o\" data-font=\"Courier New\" data-listid=\"1\" aria-setsize=\"-1\" data-aria-posinset=\"3\" data-aria-level=\"2\"><span data-contrast=\"auto\">F\u00fcr <\/span><a href=\"http:\/\/support.google.com\/chrome\/bin\/answer.py?hl=fr&amp;hlrm=en&amp;answer=95647\"><span data-contrast=\"auto\">Chrome\u2122<\/span><\/a><span data-ccp-props=\"{\"> <\/span><\/li>\n<\/ul>\n<ul>\n<li data-leveltext=\"o\" data-font=\"Courier New\" data-listid=\"1\" aria-setsize=\"-1\" data-aria-posinset=\"1\" data-aria-level=\"2\"><span data-contrast=\"auto\">F\u00fcr <\/span><a href=\"https:\/\/support.mozilla.org\/fr\/kb\/activer-desactiver-cookies-preferences\"><span data-contrast=\"auto\">Firefox\u2122<\/span><\/a><span data-ccp-props=\"{\"> <\/span><\/li>\n<li data-leveltext=\"o\" data-font=\"Courier New\" data-listid=\"1\" aria-setsize=\"-1\" data-aria-posinset=\"2\" data-aria-level=\"2\"><span data-contrast=\"auto\">F\u00fcr <\/span><a href=\"http:\/\/help.opera.com\/Windows\/10.20\/fr\/cookies.html\"><span data-contrast=\"auto\">Opera\u2122<\/span><\/a><span data-ccp-props=\"{\"> <\/span><\/li>\n<\/ul>\n<p><span data-contrast=\"auto\">Sie k\u00f6nnen Ihren Browser auch so einstellen, dass dieser einen Code sendet, der Websites mitteilt, dass Sie nicht verfolgt werden m\u00f6chten. (\u201eDo Not Track\u201c-Option). <\/span><span data-ccp-props=\"{\"> <\/span><\/p>\n<p><span data-contrast=\"auto\">Wir laden Sie ein, auf den Namen Ihres Browsers zu klicken, um zum entsprechenden Hilfemen\u00fc zu gelangen:<\/span><span data-ccp-props=\"{\"> <\/span><\/p>\n<ul>\n<li data-leveltext=\"o\" data-font=\"Courier New\" data-listid=\"1\" aria-setsize=\"-1\" data-aria-posinset=\"3\" data-aria-level=\"2\"><a href=\"https:\/\/support.microsoft.com\/fr-fr\/help\/17288\/windows-internet-explorer-11-use-do-not-track\"><span data-contrast=\"auto\">Internet Explorer\u2122<\/span><\/a><span data-contrast=\"auto\">;<\/span><span data-ccp-props=\"{\"> <\/span><\/li>\n<\/ul>\n<ul>\n<li data-leveltext=\"o\" data-font=\"Courier New\" data-listid=\"1\" aria-setsize=\"-1\" data-aria-posinset=\"1\" data-aria-level=\"2\"><a href=\"https:\/\/support.apple.com\/kb\/PH21416?locale=fr_FR\"><span data-contrast=\"auto\">Safari\u2122<\/span><\/a><span data-contrast=\"auto\">;<\/span><span data-ccp-props=\"{\"> <\/span><\/li>\n<li data-leveltext=\"o\" data-font=\"Courier New\" data-listid=\"1\" aria-setsize=\"-1\" data-aria-posinset=\"2\" data-aria-level=\"2\"><a href=\"https:\/\/support.google.com\/chrome\/answer\/114836?\"><span data-contrast=\"auto\">Chrome\u2122<\/span><\/a><span data-contrast=\"auto\">;<\/span><span data-ccp-props=\"{\"> <\/span><\/li>\n<li data-leveltext=\"o\" data-font=\"Courier New\" data-listid=\"1\" aria-setsize=\"-1\" data-aria-posinset=\"3\" data-aria-level=\"2\"><a href=\"https:\/\/support.mozilla.org\/fr\/kb\/comment-activer-option-ne-pas-pister\"><span data-contrast=\"auto\">Firefox\u2122<\/span><\/a><span data-contrast=\"auto\">;<\/span><span data-ccp-props=\"{\"> <\/span><\/li>\n<li data-leveltext=\"o\" data-font=\"Courier New\" data-listid=\"1\" aria-setsize=\"-1\" data-aria-posinset=\"4\" data-aria-level=\"2\"><a href=\"http:\/\/help.opera.com\/Windows\/12.10\/en\/notrack.html\"><span data-contrast=\"auto\">Opera\u2122<\/span><\/a><span data-contrast=\"auto\">.<\/span><span data-ccp-props=\"{\"> <\/span><\/li>\n<\/ul>\n<\/div>\n\t\t\t\t<\/div>\n\t\t\t\t\t\t\t<div class=\"elementor-toggle-item\">\n\t\t\t\t\t<div id=\"elementor-tab-title-2449\" class=\"elementor-tab-title\" data-tab=\"9\" role=\"button\" aria-controls=\"elementor-tab-content-2449\" aria-expanded=\"false\">\n\t\t\t\t\t\t\t\t\t\t\t\t<span class=\"elementor-toggle-icon elementor-toggle-icon-left\" aria-hidden=\"true\">\n\t\t\t\t\t\t\t\t\t\t\t\t\t\t\t<span class=\"elementor-toggle-icon-closed\"><svg class=\"e-font-icon-svg e-fas-caret-right\" viewBox=\"0 0 192 512\" xmlns=\"http:\/\/www.w3.org\/2000\/svg\"><path d=\"M0 384.662V127.338c0-17.818 21.543-26.741 34.142-14.142l128.662 128.662c7.81 7.81 7.81 20.474 0 28.284L34.142 398.804C21.543 411.404 0 402.48 0 384.662z\"><\/path><\/svg><\/span>\n\t\t\t\t\t\t\t\t<span class=\"elementor-toggle-icon-opened\"><svg class=\"elementor-toggle-icon-opened e-font-icon-svg e-fas-caret-up\" viewBox=\"0 0 320 512\" xmlns=\"http:\/\/www.w3.org\/2000\/svg\"><path d=\"M288.662 352H31.338c-17.818 0-26.741-21.543-14.142-34.142l128.662-128.662c7.81-7.81 20.474-7.81 28.284 0l128.662 128.662c12.6 12.599 3.676 34.142-14.142 34.142z\"><\/path><\/svg><\/span>\n\t\t\t\t\t\t\t\t\t\t\t\t\t<\/span>\n\t\t\t\t\t\t\t\t\t\t\t\t<a class=\"elementor-toggle-title\" tabindex=\"0\">9. \u00c4nderungen an dieser Datenschutzerkl\u00e4rung <\/a>\n\t\t\t\t\t<\/div>\n\n\t\t\t\t\t<div id=\"elementor-tab-content-2449\" class=\"elementor-tab-content elementor-clearfix\" data-tab=\"9\" role=\"region\" aria-labelledby=\"elementor-tab-title-2449\"><p><span class=\"TextRun SCXW34435088 BCX0\" lang=\"FR-FR\" xml:lang=\"FR-FR\" data-contrast=\"auto\"><span class=\"NormalTextRun SCXW34435088 BCX0\">Diese Datenschutzerkl\u00e4rung wurde zuletzt aktualisiert am  02 mai 2025<\/span><\/span><span class=\"TextRun SCXW34435088 BCX0\" lang=\"FR-FR\" xml:lang=\"FR-FR\" data-contrast=\"auto\"><span class=\"NormalTextRun SCXW34435088 BCX0\">. Von Zeit zu Zeit kann  INST JEUNES AVEUGLES DEFICIENTS VISUELS (CTRE EDUCATION DEFICIENTS VISUELS)<\/span><\/span><span class=\"TextRun SCXW34435088 BCX0\" lang=\"FR-FR\" xml:lang=\"FR-FR\" data-contrast=\"auto\"><span class=\"NormalTextRun SCXW34435088 BCX0\"> <\/span><\/span><span class=\"TextRun SCXW34435088 BCX0\" lang=\"FR-FR\" xml:lang=\"FR-FR\" data-contrast=\"auto\"><span class=\"NormalTextRun SCXW34435088 BCX0\">\u00c4nderungen an seiner Datenschutzerkl\u00e4rung vornehmen und diese auf seiner Website aktualisieren. Jede Aktualisierung wird Ihnen durch leicht erkennbare Hinweise auf unserer Website und\/oder den Versand einer Informations-E-Mail signalisiert. <\/span><\/span><span class=\"EOP SCXW34435088 BCX0\" data-ccp-props=\"{}\"> <\/span><\/p>\n<\/div>\n\t\t\t\t<\/div>\n\t\t\t\t\t\t\t\t<\/div>\n\t\t\t\t\t\t<\/div>\n\t\t\t\t<\/div>\n\t\t\t\t<\/div>\n\t\t\t\t\t<\/div>\n\t\t\t\t<\/div>\n\t\t\t\t<\/div>\n\t\t","protected":false},"excerpt":{"rendered":"<p>Gem\u00e4\u00df den Bestimmungen der geltenden Gesetzgebung zum Schutz personenbezogener Daten informieren wir Sie dar\u00fcber, dass Ihre Daten in das Verarbeitungssystem von aufgenommen werden, dessen Firmensitz sich in befindet. 1. Verantwortlicher f\u00fcr die Verarbeitung Im Sinne von Artikel 4.7 der DSGVO ist M Samuel ISAMBERT, Gesch\u00e4ftsf\u00fchrer von Fondation der Verantwortliche f\u00fcr die Verarbeitung der auf der [&hellip;]<\/p>\n","protected":false},"author":1,"featured_media":0,"parent":0,"menu_order":0,"comment_status":"closed","ping_status":"closed","template":"elementor_header_footer","meta":{"footnotes":""},"class_list":["post-9424","page","type-page","status-publish","hentry"],"yoast_head":"<!-- This site is optimized with the Yoast SEO plugin v27.2 - https:\/\/yoast.com\/product\/yoast-seo-wordpress\/ -->\n<title>Datenschutzerkl\u00e4rung - Ateliers des Eaux Bleues<\/title>\n<meta name=\"robots\" content=\"noindex, nofollow\" \/>\n<meta property=\"og:locale\" content=\"de_DE\" \/>\n<meta property=\"og:type\" content=\"article\" \/>\n<meta property=\"og:title\" content=\"Datenschutzerkl\u00e4rung - Ateliers des Eaux Bleues\" \/>\n<meta property=\"og:description\" content=\"Gem\u00e4\u00df den Bestimmungen der geltenden Gesetzgebung zum Schutz personenbezogener Daten informieren wir Sie dar\u00fcber, dass Ihre Daten in das Verarbeitungssystem von aufgenommen werden, dessen Firmensitz sich in befindet. 1. Verantwortlicher f\u00fcr die Verarbeitung Im Sinne von Artikel 4.7 der DSGVO ist M Samuel ISAMBERT, Gesch\u00e4ftsf\u00fchrer von Fondation der Verantwortliche f\u00fcr die Verarbeitung der auf der [&hellip;]\" \/>\n<meta property=\"og:url\" content=\"https:\/\/ateliersdeseauxbleues.com\/de\/datenschutzerklaerung\/\" \/>\n<meta property=\"og:site_name\" content=\"Ateliers des Eaux Bleues\" \/>\n<meta property=\"article:modified_time\" content=\"2026-03-20T11:34:17+00:00\" \/>\n<meta name=\"twitter:card\" content=\"summary_large_image\" \/>\n<meta name=\"twitter:label1\" content=\"Gesch\u00e4tzte Lesezeit\" \/>\n\t<meta name=\"twitter:data1\" content=\"9\u00a0Minute\" \/>\n<script type=\"application\/ld+json\" class=\"yoast-schema-graph\">{\"@context\":\"https:\/\/schema.org\",\"@graph\":[{\"@type\":\"WebPage\",\"@id\":\"https:\/\/ateliersdeseauxbleues.com\/de\/datenschutzerklaerung\/\",\"url\":\"https:\/\/ateliersdeseauxbleues.com\/de\/datenschutzerklaerung\/\",\"name\":\"Datenschutzerkl\u00e4rung - Ateliers des Eaux Bleues\",\"isPartOf\":{\"@id\":\"https:\/\/ateliersdeseauxbleues.com\/de\/#website\"},\"datePublished\":\"2025-03-26T14:08:48+00:00\",\"dateModified\":\"2026-03-20T11:34:17+00:00\",\"breadcrumb\":{\"@id\":\"https:\/\/ateliersdeseauxbleues.com\/de\/datenschutzerklaerung\/#breadcrumb\"},\"inLanguage\":\"de\",\"potentialAction\":[{\"@type\":\"ReadAction\",\"target\":[\"https:\/\/ateliersdeseauxbleues.com\/de\/datenschutzerklaerung\/\"]}]},{\"@type\":\"BreadcrumbList\",\"@id\":\"https:\/\/ateliersdeseauxbleues.com\/de\/datenschutzerklaerung\/#breadcrumb\",\"itemListElement\":[{\"@type\":\"ListItem\",\"position\":1,\"name\":\"Startseite\",\"item\":\"https:\/\/ateliersdeseauxbleues.com\/de\/ateliers-de-eaux-bleues-herstellung-von-blindenstoecken\/\"},{\"@type\":\"ListItem\",\"position\":2,\"name\":\"Datenschutzerkl\u00e4rung\"}]},{\"@type\":\"WebSite\",\"@id\":\"https:\/\/ateliersdeseauxbleues.com\/de\/#website\",\"url\":\"https:\/\/ateliersdeseauxbleues.com\/de\/\",\"name\":\"Ateliers des Eaux Bleues\",\"description\":\"Ateliers des Eaux Bleues\",\"publisher\":{\"@id\":\"https:\/\/ateliersdeseauxbleues.com\/de\/#organization\"},\"potentialAction\":[{\"@type\":\"SearchAction\",\"target\":{\"@type\":\"EntryPoint\",\"urlTemplate\":\"https:\/\/ateliersdeseauxbleues.com\/de\/?s={search_term_string}\"},\"query-input\":{\"@type\":\"PropertyValueSpecification\",\"valueRequired\":true,\"valueName\":\"search_term_string\"}}],\"inLanguage\":\"de\"},{\"@type\":\"Organization\",\"@id\":\"https:\/\/ateliersdeseauxbleues.com\/de\/#organization\",\"name\":\"Ateliers des Eaux Bleues\",\"url\":\"https:\/\/ateliersdeseauxbleues.com\/de\/\",\"logo\":{\"@type\":\"ImageObject\",\"inLanguage\":\"de\",\"@id\":\"https:\/\/ateliersdeseauxbleues.com\/de\/#\/schema\/logo\/image\/\",\"url\":\"https:\/\/ateliersdeseauxbleues.com\/wp-content\/uploads\/2024\/12\/Logo-atelier-des-eaux-bleues.png\",\"contentUrl\":\"https:\/\/ateliersdeseauxbleues.com\/wp-content\/uploads\/2024\/12\/Logo-atelier-des-eaux-bleues.png\",\"width\":940,\"height\":418,\"caption\":\"Ateliers des Eaux Bleues\"},\"image\":{\"@id\":\"https:\/\/ateliersdeseauxbleues.com\/de\/#\/schema\/logo\/image\/\"}}]}<\/script>\n<!-- \/ Yoast SEO plugin. -->","yoast_head_json":{"title":"Datenschutzerkl\u00e4rung - Ateliers des Eaux Bleues","robots":{"index":"noindex","follow":"nofollow"},"og_locale":"de_DE","og_type":"article","og_title":"Datenschutzerkl\u00e4rung - Ateliers des Eaux Bleues","og_description":"Gem\u00e4\u00df den Bestimmungen der geltenden Gesetzgebung zum Schutz personenbezogener Daten informieren wir Sie dar\u00fcber, dass Ihre Daten in das Verarbeitungssystem von aufgenommen werden, dessen Firmensitz sich in befindet. 1. Verantwortlicher f\u00fcr die Verarbeitung Im Sinne von Artikel 4.7 der DSGVO ist M Samuel ISAMBERT, Gesch\u00e4ftsf\u00fchrer von Fondation der Verantwortliche f\u00fcr die Verarbeitung der auf der [&hellip;]","og_url":"https:\/\/ateliersdeseauxbleues.com\/de\/datenschutzerklaerung\/","og_site_name":"Ateliers des Eaux Bleues","article_modified_time":"2026-03-20T11:34:17+00:00","twitter_card":"summary_large_image","twitter_misc":{"Gesch\u00e4tzte Lesezeit":"9\u00a0Minute"},"schema":{"@context":"https:\/\/schema.org","@graph":[{"@type":"WebPage","@id":"https:\/\/ateliersdeseauxbleues.com\/de\/datenschutzerklaerung\/","url":"https:\/\/ateliersdeseauxbleues.com\/de\/datenschutzerklaerung\/","name":"Datenschutzerkl\u00e4rung - Ateliers des Eaux Bleues","isPartOf":{"@id":"https:\/\/ateliersdeseauxbleues.com\/de\/#website"},"datePublished":"2025-03-26T14:08:48+00:00","dateModified":"2026-03-20T11:34:17+00:00","breadcrumb":{"@id":"https:\/\/ateliersdeseauxbleues.com\/de\/datenschutzerklaerung\/#breadcrumb"},"inLanguage":"de","potentialAction":[{"@type":"ReadAction","target":["https:\/\/ateliersdeseauxbleues.com\/de\/datenschutzerklaerung\/"]}]},{"@type":"BreadcrumbList","@id":"https:\/\/ateliersdeseauxbleues.com\/de\/datenschutzerklaerung\/#breadcrumb","itemListElement":[{"@type":"ListItem","position":1,"name":"Startseite","item":"https:\/\/ateliersdeseauxbleues.com\/de\/ateliers-de-eaux-bleues-herstellung-von-blindenstoecken\/"},{"@type":"ListItem","position":2,"name":"Datenschutzerkl\u00e4rung"}]},{"@type":"WebSite","@id":"https:\/\/ateliersdeseauxbleues.com\/de\/#website","url":"https:\/\/ateliersdeseauxbleues.com\/de\/","name":"Ateliers des Eaux Bleues","description":"Ateliers des Eaux Bleues","publisher":{"@id":"https:\/\/ateliersdeseauxbleues.com\/de\/#organization"},"potentialAction":[{"@type":"SearchAction","target":{"@type":"EntryPoint","urlTemplate":"https:\/\/ateliersdeseauxbleues.com\/de\/?s={search_term_string}"},"query-input":{"@type":"PropertyValueSpecification","valueRequired":true,"valueName":"search_term_string"}}],"inLanguage":"de"},{"@type":"Organization","@id":"https:\/\/ateliersdeseauxbleues.com\/de\/#organization","name":"Ateliers des Eaux Bleues","url":"https:\/\/ateliersdeseauxbleues.com\/de\/","logo":{"@type":"ImageObject","inLanguage":"de","@id":"https:\/\/ateliersdeseauxbleues.com\/de\/#\/schema\/logo\/image\/","url":"https:\/\/ateliersdeseauxbleues.com\/wp-content\/uploads\/2024\/12\/Logo-atelier-des-eaux-bleues.png","contentUrl":"https:\/\/ateliersdeseauxbleues.com\/wp-content\/uploads\/2024\/12\/Logo-atelier-des-eaux-bleues.png","width":940,"height":418,"caption":"Ateliers des Eaux Bleues"},"image":{"@id":"https:\/\/ateliersdeseauxbleues.com\/de\/#\/schema\/logo\/image\/"}}]}},"_links":{"self":[{"href":"https:\/\/ateliersdeseauxbleues.com\/de\/wp-json\/wp\/v2\/pages\/9424","targetHints":{"allow":["GET"]}}],"collection":[{"href":"https:\/\/ateliersdeseauxbleues.com\/de\/wp-json\/wp\/v2\/pages"}],"about":[{"href":"https:\/\/ateliersdeseauxbleues.com\/de\/wp-json\/wp\/v2\/types\/page"}],"author":[{"embeddable":true,"href":"https:\/\/ateliersdeseauxbleues.com\/de\/wp-json\/wp\/v2\/users\/1"}],"replies":[{"embeddable":true,"href":"https:\/\/ateliersdeseauxbleues.com\/de\/wp-json\/wp\/v2\/comments?post=9424"}],"version-history":[{"count":3,"href":"https:\/\/ateliersdeseauxbleues.com\/de\/wp-json\/wp\/v2\/pages\/9424\/revisions"}],"predecessor-version":[{"id":9438,"href":"https:\/\/ateliersdeseauxbleues.com\/de\/wp-json\/wp\/v2\/pages\/9424\/revisions\/9438"}],"wp:attachment":[{"href":"https:\/\/ateliersdeseauxbleues.com\/de\/wp-json\/wp\/v2\/media?parent=9424"}],"curies":[{"name":"wp","href":"https:\/\/api.w.org\/{rel}","templated":true}]}}